{"id":2283,"date":"2026-03-09T12:17:09","date_gmt":"2026-03-09T12:17:09","guid":{"rendered":"https:\/\/www.akilles.fi\/centralstyrelsen\/?page_id=2283"},"modified":"2026-03-09T12:26:10","modified_gmt":"2026-03-09T12:26:10","slug":"varmote-24-3-2026-kevatkokous","status":"publish","type":"page","link":"https:\/\/www.akilles.fi\/centralstyrelsen\/varmote-24-3-2026-kevatkokous\/","title":{"rendered":"V\u00e5rm\u00f6te 24.3.2026 Kev\u00e4tkokous"},"content":{"rendered":"\t\t<div data-elementor-type=\"wp-page\" data-elementor-id=\"2283\" class=\"elementor elementor-2283\" data-elementor-post-type=\"page\">\n\t\t\t\t\t\t<section class=\"elementor-section elementor-top-section elementor-element elementor-element-c4d093d elementor-section-boxed elementor-section-height-default elementor-section-height-default\" data-id=\"c4d093d\" data-element_type=\"section\">\n\t\t\t\t\t\t<div class=\"elementor-container elementor-column-gap-default\">\n\t\t\t\t\t<div class=\"elementor-column elementor-col-50 elementor-top-column elementor-element elementor-element-410ebc8\" data-id=\"410ebc8\" data-element_type=\"column\">\n\t\t\t<div class=\"elementor-widget-wrap elementor-element-populated\">\n\t\t\t\t\t\t<div class=\"elementor-element elementor-element-24afccb elementor-widget elementor-widget-text-editor\" data-id=\"24afccb\" data-element_type=\"widget\" data-widget_type=\"text-editor.default\">\n\t\t\t\t<div class=\"elementor-widget-container\">\n\t\t\t\t\t\t\t\t\t<p><span style=\"color: #000000;\"><strong>Borg\u00e5 Akilles v\u00e5rm\u00f6te tisdag 24.3.2026 kl. 18.00<br \/><\/strong>Kvarnbackens skola, Kvarnbergsgatan 18, Borg\u00e5<\/span><\/p>\n<p><span style=\"color: #000000;\"><strong>F\u00d6REDRAGNINGSLISTA<\/strong><\/span><\/p>\n<ol>\n<li><span style=\"color: #000000;\">M\u00f6tets \u00f6ppnande.<\/span><\/li>\n<li><span style=\"color: #000000;\">Val av ordf\u00f6rande och sekreterare f\u00f6r m\u00f6tet.<\/span><\/li>\n<li><span style=\"color: #000000;\">Val av tv\u00e5 protokolljusterare samt tv\u00e5 r\u00f6str\u00e4knare.<\/span><\/li>\n<li><span style=\"color: #000000;\">Konstaterande att m\u00f6tet \u00e4r stadgeenligt sammankallat och beslutf\u00f6rt.<\/span><\/li>\n<li><span style=\"color: #000000;\">Godk\u00e4nnande av f\u00f6redragningslistan.<\/span><\/li>\n<li><span style=\"color: #000000;\">Behandling av verksamhetsber\u00e4ttelsen och materialf\u00f6rvaltarens ber\u00e4ttelse f\u00f6r \u00e5r 2025.<\/span><\/li>\n<li><span style=\"color: #000000;\">Behandling av bokslutet per den 31.12.2025 samt revisorernas ber\u00e4ttelse.<\/span><\/li>\n<li><span style=\"color: #000000;\">Godk\u00e4nnande av verksamhetsber\u00e4ttelsen och bokslutet.<\/span><\/li>\n<li><span style=\"color: #000000;\">Beviljandet av ansvars- och redovisningsfrihet \u00e5t centralstyrelsen f\u00f6r \u00e5r 2025.<\/span><\/li>\n<li><span style=\"color: #000000;\">\u00d6vriga \u00e4renden.<\/span><\/li>\n<li><span style=\"color: #000000;\"><span style=\"color: #000000;\"><span style=\"color: #000000;\">M\u00f6tet avslutas.<br \/><br \/><\/span><\/span><\/span>\n<p><span style=\"color: #003300;\"><strong>OBS! Prisutdelningen sker efter v\u00e5rm\u00f6tet p\u00e5 samma plats.<br \/><\/strong><\/span><span style=\"color: #003300;\"><strong>Kaffeservering efter prisutdelningen.<\/strong><\/span><\/p>\n<span style=\"color: #000000;\">V\u00e4lkommen!<\/span><\/li>\n<\/ol>\t\t\t\t\t\t\t\t<\/div>\n\t\t\t\t<\/div>\n\t\t\t\t\t<\/div>\n\t\t<\/div>\n\t\t\t\t<div class=\"elementor-column elementor-col-50 elementor-top-column elementor-element elementor-element-6089f67\" data-id=\"6089f67\" data-element_type=\"column\">\n\t\t\t<div class=\"elementor-widget-wrap elementor-element-populated\">\n\t\t\t\t\t\t<div class=\"elementor-element elementor-element-a92d215 elementor-widget elementor-widget-text-editor\" data-id=\"a92d215\" data-element_type=\"widget\" data-widget_type=\"text-editor.default\">\n\t\t\t\t<div class=\"elementor-widget-container\">\n\t\t\t\t\t\t\t\t\t<p><span style=\"color: #000000;\"><strong>Porvoon Akilleksen kev\u00e4tkokous tiistaina 24.3.2026 klo. 18.00<br \/><\/strong>Myllym\u00e4en koulu, Myllym\u00e4enkatu18, Porvoo<\/span><\/p>\n<p><span style=\"color: #000000;\"><strong>ESITYSLISTA<\/strong><\/span><\/p>\n<ol>\n<li><span style=\"color: #000000;\">Kokouksen avaus.<\/span><\/li>\n<li><span style=\"color: #000000;\">Valitaan kokoukselle puheenjohtaja ja sihteeri.<\/span><\/li>\n<li><span style=\"color: #000000;\">Valitaan kaksi p\u00f6yt\u00e4kirjan tarkastajaa sek\u00e4 kaksi \u00e4\u00e4ntenlaskijaa.<\/span><\/li>\n<li><span style=\"color: #000000;\">Todetaan ett\u00e4 kokous on s\u00e4\u00e4nt\u00f6jen mukaan koollekutsuttu ja p\u00e4\u00e4t\u00f6svaltainen.<\/span><\/li>\n<li><span style=\"color: #000000;\">Vahvistetaan esityslista.<\/span><\/li>\n<li><span style=\"color: #000000;\">K\u00e4sitell\u00e4\u00e4n vuosikertomus sek\u00e4 materiaalinhoitajan kertomus vuodelle 2025.<\/span><\/li>\n<li><span style=\"color: #000000;\">K\u00e4sitell\u00e4\u00e4n tilinp\u00e4\u00e4t\u00f6s per 31.12.2025 sek\u00e4 tilintarkastuskertomus.<\/span><\/li>\n<li><span style=\"color: #000000;\">Hyv\u00e4ksyt\u00e4\u00e4n vuosikertomus ja tilinp\u00e4\u00e4t\u00f6s.<\/span><\/li>\n<li><span style=\"color: #000000;\">Vastuuvapauden my\u00f6nt\u00e4minen keskushallitukselle vuodelle 2025.<\/span><\/li>\n<li><span style=\"color: #000000;\">Muut asiat.<\/span><\/li>\n<li><span style=\"color: #000000;\"><span style=\"color: #000000;\">Kokous p\u00e4\u00e4tet\u00e4\u00e4n.<br \/><br \/><\/span><\/span>\n<p><span style=\"color: #0000ff;\"><strong>HUOM! <\/strong><\/span><strong><span style=\"color: #0000ff;\">Palkintojenjako suoritetaan kev\u00e4tkokouksen j\u00e4lkeen samalla paikilla.<br \/><\/span><\/strong><span style=\"color: #0000ff;\"><strong>Kahvitarjoilu palkinnonjaon j\u00e4lkeen.<br \/><\/strong><\/span><\/p>\n<span style=\"color: #000000;\">Tervetuloa!<\/span><\/li>\n<\/ol>\t\t\t\t\t\t\t\t<\/div>\n\t\t\t\t<\/div>\n\t\t\t\t\t<\/div>\n\t\t<\/div>\n\t\t\t\t\t<\/div>\n\t\t<\/section>\n\t\t\t\t<\/div>\n\t\t","protected":false},"excerpt":{"rendered":"<p>Borg\u00e5 Akilles v\u00e5rm\u00f6te tisdag 24.3.2026 kl. 18.00Kvarnbackens skola, Kvarnbergsgatan 18, Borg\u00e5 F\u00d6REDRAGNINGSLISTA M\u00f6tets \u00f6ppnande. Val av ordf\u00f6rande och sekreterare f\u00f6r m\u00f6tet. Val av tv\u00e5 protokolljusterare samt tv\u00e5 r\u00f6str\u00e4knare. Konstaterande att m\u00f6tet \u00e4r stadgeenligt sammankallat och beslutf\u00f6rt. Godk\u00e4nnande av f\u00f6redragningslistan. Behandling av verksamhetsber\u00e4ttelsen och materialf\u00f6rvaltarens ber\u00e4ttelse f\u00f6r \u00e5r 2025. Behandling av bokslutet per den 31.12.2025 samt [&hellip;]<\/p>\n","protected":false},"author":3,"featured_media":0,"parent":0,"menu_order":0,"comment_status":"closed","ping_status":"closed","template":"","meta":{"_crdt_document":"","footnotes":""},"class_list":["post-2283","page","type-page","status-publish","hentry"],"yoast_head":"<!-- This site is optimized with the Yoast SEO plugin v27.4 - https:\/\/yoast.com\/product\/yoast-seo-wordpress\/ -->\n<title>V\u00e5rm\u00f6te 24.3.2026 Kev\u00e4tkokous - Borg\u00e5 Akilles - Porvoon Akilles<\/title>\n<meta name=\"robots\" content=\"index, follow, max-snippet:-1, max-image-preview:large, max-video-preview:-1\" \/>\n<link rel=\"canonical\" href=\"https:\/\/www.akilles.fi\/centralstyrelsen\/varmote-24-3-2026-kevatkokous\/\" \/>\n<meta property=\"og:locale\" content=\"sv_SE\" \/>\n<meta property=\"og:type\" content=\"article\" \/>\n<meta property=\"og:title\" content=\"V\u00e5rm\u00f6te 24.3.2026 Kev\u00e4tkokous - Borg\u00e5 Akilles - Porvoon Akilles\" \/>\n<meta property=\"og:description\" content=\"Borg\u00e5 Akilles v\u00e5rm\u00f6te tisdag 24.3.2026 kl. 18.00Kvarnbackens skola, Kvarnbergsgatan 18, Borg\u00e5 F\u00d6REDRAGNINGSLISTA M\u00f6tets \u00f6ppnande. Val av ordf\u00f6rande och sekreterare f\u00f6r m\u00f6tet. Val av tv\u00e5 protokolljusterare samt tv\u00e5 r\u00f6str\u00e4knare. Konstaterande att m\u00f6tet \u00e4r stadgeenligt sammankallat och beslutf\u00f6rt. Godk\u00e4nnande av f\u00f6redragningslistan. Behandling av verksamhetsber\u00e4ttelsen och materialf\u00f6rvaltarens ber\u00e4ttelse f\u00f6r \u00e5r 2025. Behandling av bokslutet per den 31.12.2025 samt [&hellip;]\" \/>\n<meta property=\"og:url\" content=\"https:\/\/www.akilles.fi\/centralstyrelsen\/varmote-24-3-2026-kevatkokous\/\" \/>\n<meta property=\"og:site_name\" content=\"Borg\u00e5 Akilles - Porvoon Akilles\" \/>\n<meta property=\"article:modified_time\" content=\"2026-03-09T12:26:10+00:00\" \/>\n<meta name=\"twitter:card\" content=\"summary_large_image\" \/>\n<meta name=\"twitter:label1\" content=\"Ber\u00e4knad l\u00e4stid\" \/>\n\t<meta name=\"twitter:data1\" content=\"1 minut\" \/>\n<script type=\"application\/ld+json\" class=\"yoast-schema-graph\">{\"@context\":\"https:\\\/\\\/schema.org\",\"@graph\":[{\"@type\":\"WebPage\",\"@id\":\"https:\\\/\\\/www.akilles.fi\\\/centralstyrelsen\\\/varmote-24-3-2026-kevatkokous\\\/\",\"url\":\"https:\\\/\\\/www.akilles.fi\\\/centralstyrelsen\\\/varmote-24-3-2026-kevatkokous\\\/\",\"name\":\"V\u00e5rm\u00f6te 24.3.2026 Kev\u00e4tkokous - Borg\u00e5 Akilles - Porvoon Akilles\",\"isPartOf\":{\"@id\":\"https:\\\/\\\/www.akilles.fi\\\/centralstyrelsen\\\/#website\"},\"datePublished\":\"2026-03-09T12:17:09+00:00\",\"dateModified\":\"2026-03-09T12:26:10+00:00\",\"breadcrumb\":{\"@id\":\"https:\\\/\\\/www.akilles.fi\\\/centralstyrelsen\\\/varmote-24-3-2026-kevatkokous\\\/#breadcrumb\"},\"inLanguage\":\"sv-SE\",\"potentialAction\":[{\"@type\":\"ReadAction\",\"target\":[\"https:\\\/\\\/www.akilles.fi\\\/centralstyrelsen\\\/varmote-24-3-2026-kevatkokous\\\/\"]}]},{\"@type\":\"BreadcrumbList\",\"@id\":\"https:\\\/\\\/www.akilles.fi\\\/centralstyrelsen\\\/varmote-24-3-2026-kevatkokous\\\/#breadcrumb\",\"itemListElement\":[{\"@type\":\"ListItem\",\"position\":1,\"name\":\"Home\",\"item\":\"https:\\\/\\\/www.akilles.fi\\\/centralstyrelsen\\\/\"},{\"@type\":\"ListItem\",\"position\":2,\"name\":\"V\u00e5rm\u00f6te 24.3.2026 Kev\u00e4tkokous\"}]},{\"@type\":\"WebSite\",\"@id\":\"https:\\\/\\\/www.akilles.fi\\\/centralstyrelsen\\\/#website\",\"url\":\"https:\\\/\\\/www.akilles.fi\\\/centralstyrelsen\\\/\",\"name\":\"Borg\u00e5 Akilles - Porvoon Akilles\",\"description\":\"Borg\u00e5 Akilles - Porvoon Akilles\",\"potentialAction\":[{\"@type\":\"SearchAction\",\"target\":{\"@type\":\"EntryPoint\",\"urlTemplate\":\"https:\\\/\\\/www.akilles.fi\\\/centralstyrelsen\\\/?s={search_term_string}\"},\"query-input\":{\"@type\":\"PropertyValueSpecification\",\"valueRequired\":true,\"valueName\":\"search_term_string\"}}],\"inLanguage\":\"sv-SE\"}]}<\/script>\n<!-- \/ Yoast SEO plugin. -->","yoast_head_json":{"title":"V\u00e5rm\u00f6te 24.3.2026 Kev\u00e4tkokous - Borg\u00e5 Akilles - Porvoon Akilles","robots":{"index":"index","follow":"follow","max-snippet":"max-snippet:-1","max-image-preview":"max-image-preview:large","max-video-preview":"max-video-preview:-1"},"canonical":"https:\/\/www.akilles.fi\/centralstyrelsen\/varmote-24-3-2026-kevatkokous\/","og_locale":"sv_SE","og_type":"article","og_title":"V\u00e5rm\u00f6te 24.3.2026 Kev\u00e4tkokous - Borg\u00e5 Akilles - Porvoon Akilles","og_description":"Borg\u00e5 Akilles v\u00e5rm\u00f6te tisdag 24.3.2026 kl. 18.00Kvarnbackens skola, Kvarnbergsgatan 18, Borg\u00e5 F\u00d6REDRAGNINGSLISTA M\u00f6tets \u00f6ppnande. Val av ordf\u00f6rande och sekreterare f\u00f6r m\u00f6tet. Val av tv\u00e5 protokolljusterare samt tv\u00e5 r\u00f6str\u00e4knare. Konstaterande att m\u00f6tet \u00e4r stadgeenligt sammankallat och beslutf\u00f6rt. Godk\u00e4nnande av f\u00f6redragningslistan. Behandling av verksamhetsber\u00e4ttelsen och materialf\u00f6rvaltarens ber\u00e4ttelse f\u00f6r \u00e5r 2025. Behandling av bokslutet per den 31.12.2025 samt [&hellip;]","og_url":"https:\/\/www.akilles.fi\/centralstyrelsen\/varmote-24-3-2026-kevatkokous\/","og_site_name":"Borg\u00e5 Akilles - Porvoon Akilles","article_modified_time":"2026-03-09T12:26:10+00:00","twitter_card":"summary_large_image","twitter_misc":{"Ber\u00e4knad l\u00e4stid":"1 minut"},"schema":{"@context":"https:\/\/schema.org","@graph":[{"@type":"WebPage","@id":"https:\/\/www.akilles.fi\/centralstyrelsen\/varmote-24-3-2026-kevatkokous\/","url":"https:\/\/www.akilles.fi\/centralstyrelsen\/varmote-24-3-2026-kevatkokous\/","name":"V\u00e5rm\u00f6te 24.3.2026 Kev\u00e4tkokous - Borg\u00e5 Akilles - Porvoon Akilles","isPartOf":{"@id":"https:\/\/www.akilles.fi\/centralstyrelsen\/#website"},"datePublished":"2026-03-09T12:17:09+00:00","dateModified":"2026-03-09T12:26:10+00:00","breadcrumb":{"@id":"https:\/\/www.akilles.fi\/centralstyrelsen\/varmote-24-3-2026-kevatkokous\/#breadcrumb"},"inLanguage":"sv-SE","potentialAction":[{"@type":"ReadAction","target":["https:\/\/www.akilles.fi\/centralstyrelsen\/varmote-24-3-2026-kevatkokous\/"]}]},{"@type":"BreadcrumbList","@id":"https:\/\/www.akilles.fi\/centralstyrelsen\/varmote-24-3-2026-kevatkokous\/#breadcrumb","itemListElement":[{"@type":"ListItem","position":1,"name":"Home","item":"https:\/\/www.akilles.fi\/centralstyrelsen\/"},{"@type":"ListItem","position":2,"name":"V\u00e5rm\u00f6te 24.3.2026 Kev\u00e4tkokous"}]},{"@type":"WebSite","@id":"https:\/\/www.akilles.fi\/centralstyrelsen\/#website","url":"https:\/\/www.akilles.fi\/centralstyrelsen\/","name":"Borg\u00e5 Akilles - Porvoon Akilles","description":"Borg\u00e5 Akilles - Porvoon Akilles","potentialAction":[{"@type":"SearchAction","target":{"@type":"EntryPoint","urlTemplate":"https:\/\/www.akilles.fi\/centralstyrelsen\/?s={search_term_string}"},"query-input":{"@type":"PropertyValueSpecification","valueRequired":true,"valueName":"search_term_string"}}],"inLanguage":"sv-SE"}]}},"_links":{"self":[{"href":"https:\/\/www.akilles.fi\/centralstyrelsen\/wp-json\/wp\/v2\/pages\/2283","targetHints":{"allow":["GET"]}}],"collection":[{"href":"https:\/\/www.akilles.fi\/centralstyrelsen\/wp-json\/wp\/v2\/pages"}],"about":[{"href":"https:\/\/www.akilles.fi\/centralstyrelsen\/wp-json\/wp\/v2\/types\/page"}],"author":[{"embeddable":true,"href":"https:\/\/www.akilles.fi\/centralstyrelsen\/wp-json\/wp\/v2\/users\/3"}],"replies":[{"embeddable":true,"href":"https:\/\/www.akilles.fi\/centralstyrelsen\/wp-json\/wp\/v2\/comments?post=2283"}],"version-history":[{"count":16,"href":"https:\/\/www.akilles.fi\/centralstyrelsen\/wp-json\/wp\/v2\/pages\/2283\/revisions"}],"predecessor-version":[{"id":2299,"href":"https:\/\/www.akilles.fi\/centralstyrelsen\/wp-json\/wp\/v2\/pages\/2283\/revisions\/2299"}],"wp:attachment":[{"href":"https:\/\/www.akilles.fi\/centralstyrelsen\/wp-json\/wp\/v2\/media?parent=2283"}],"curies":[{"name":"wp","href":"https:\/\/api.w.org\/{rel}","templated":true}]}}