{"id":392,"date":"2018-12-29T08:37:59","date_gmt":"2018-12-29T08:37:59","guid":{"rendered":"http:\/\/94.237.33.215\/~akilles\/nyasida\/?page_id=392"},"modified":"2025-11-16T13:54:26","modified_gmt":"2025-11-16T13:54:26","slug":"historia-historia","status":"publish","type":"page","link":"https:\/\/www.akilles.fi\/centralstyrelsen\/historia-historia\/","title":{"rendered":"Historia &#8211; Historia"},"content":{"rendered":"\t\t<div data-elementor-type=\"wp-post\" data-elementor-id=\"392\" class=\"elementor elementor-392\" data-elementor-post-type=\"page\">\n\t\t\t\t\t\t<section class=\"elementor-section elementor-top-section elementor-element elementor-element-11d564a9 elementor-section-boxed elementor-section-height-default elementor-section-height-default\" data-id=\"11d564a9\" data-element_type=\"section\">\n\t\t\t\t\t\t<div class=\"elementor-container elementor-column-gap-default\">\n\t\t\t\t\t<div class=\"elementor-column elementor-col-100 elementor-top-column elementor-element elementor-element-6f0f484a\" data-id=\"6f0f484a\" data-element_type=\"column\">\n\t\t\t<div class=\"elementor-widget-wrap elementor-element-populated\">\n\t\t\t\t\t\t<div class=\"elementor-element elementor-element-3293585b elementor-widget elementor-widget-text-editor\" data-id=\"3293585b\" data-element_type=\"widget\" data-widget_type=\"text-editor.default\">\n\t\t\t\t<div class=\"elementor-widget-container\">\n\t\t\t\t\t\t\t\t\t<table width=\"100%\"><tbody><tr><td><span style=\"color: #000000;\"><b>Adolf Lindfors<br \/>Akilles f\u00f6rsta ordf\u00f6rande<br \/>1902-1912<br \/><\/b><\/span><span style=\"color: #000000;\">Akilleen ensimm\u00e4inen <\/span><br \/><span style=\"color: #000000;\">puheenjohtaja 1902-1912<\/span><\/td><td><a href=\"http:\/\/www.akilles.fi\/2\/wp-content\/uploads\/sites\/27\/2019\/01\/adolflindfors.jpg\"><img fetchpriority=\"high\" decoding=\"async\" src=\"http:\/\/www.akilles.fi\/2\/wp-content\/uploads\/sites\/27\/2019\/01\/adolflindfors-300x282.jpg\" alt=\"\" width=\"300\" height=\"282\" \/><\/a><\/td><\/tr><\/tbody><\/table><table><tbody><tr><th colspan=\"2\"><span style=\"color: #000000;\">1902-1909<\/span><\/th><\/tr><tr><td><span style=\"color: #000000;\">1902<\/span><\/td><td><span style=\"color: #000000;\">Den 17 oktober kl 19.30 grundas <\/span><strong><span style=\"color: #000000;\">Borg\u00e5 Nykterhetsv\u00e4nners Gymnastikklubb<\/span><\/strong><span style=\"color: #000000;\">, BNV:s Gymnastikklubb i Borg\u00e5 Lyceums gymnastiksal. Till f\u00f6reningens f\u00f6rsta ordf\u00f6rande valdes <strong>Adolf Lindfors<\/strong>. Staden bygger den f\u00f6rsta lek- och idrottsplanen (60&#215;120 m) i n\u00e4rheten av vattentornet. Stadens f\u00f6rsta sportplan blev f\u00e4rdig. Den anv\u00e4ndes m\u00e5nga \u00e5r som cirkus- och tivoliplats och ligger norrom det nya biblioteket.<\/span><\/td><\/tr><tr><td><span style=\"color: #000000;\">1903<\/span><\/td><td><span style=\"color: #000000;\"><strong>Adolf Lindfors<\/strong> finsk m\u00e4stare i tyngdlyftning.<\/span><\/td><\/tr><tr><td><span style=\"color: #000000;\">1905<\/span><\/td><td><span style=\"color: #000000;\"><strong>Adolf Lindfors<\/strong> finsk m\u00e4stare i grekisk-romersk brottning, tungvikt.<\/span><\/td><\/tr><tr><td><span style=\"color: #000000;\">1906<\/span><\/td><td><span style=\"color: #000000;\">Den 9 april \u00e4ndras namnet till <strong>Gymnastik- och idrottsf\u00f6reningen Akilles<\/strong>. Den 22 november 1906 blev Akilles en sj\u00e4lvst\u00e4ndig f\u00f6rening. &#8221;Akilles <strong>s\u00e5ngarbr\u00f6der<\/strong>&#8221; bildas.<\/span><\/td><\/tr><tr><td><span style=\"color: #000000;\">1907<\/span><\/td><td><span style=\"color: #000000;\"><strong>Fotbollen<\/strong> togs officiellt upp p\u00e5 Akilles program. <\/span><span style=\"color: #000000;\"><strong>Adolf Lindfors<\/strong> finsk m\u00e4stare i grekisk-romersk brottning, tungvikt.<\/span><\/td><\/tr><\/tbody><\/table><table><tbody><tr><th colspan=\"2\"><span style=\"color: #000000;\">1910-1919<\/span><\/th><\/tr><tr><td><span style=\"color: #000000;\">1911<\/span><\/td><td><span style=\"color: #000000;\"><strong>Cyklingen<\/strong> kommer med p\u00e5 Akilles program.<\/span><\/td><\/tr><tr><td><span style=\"color: #000000;\">1911<\/span><\/td><td><span style=\"color: #000000;\"><strong>Adolf Lindfors<\/strong> blev andra i klassen \u00f6ver 82,5 kg vid VM i brottning, grekisk-romersk stil. <strong>Kalle Lind<\/strong> blev oplacerad i klassen u. 82,5 kg.<\/span><\/td><\/tr><tr><td><span style=\"color: #000000;\">1912<\/span><\/td><td><span style=\"color: #000000;\"><strong>Eemil Kukko<\/strong>, Akilles f\u00f6rsta OS-deltagare, deltog i Stockholm, SWE i herrar l\u00e4ngd och blev 24., i herrar spjut 18. och i herrar femkamp (placeringen ok\u00e4nd)<\/span><br \/><span style=\"color: #000000;\">Brottarna <strong>Adolf Lindfors<\/strong> (grekisk-romersk \u00f6 82,5 kg) och <strong>Karl-Gustaf (Kalle) Lind<\/strong> och <strong>Gustaf Lennart Lindh <\/strong>(u. 82,5 kg) blev oplacerade.<\/span><\/td><\/tr><tr><td><span style=\"color: #000000;\">1916<\/span><\/td><td><span style=\"color: #000000;\">P\u00e5 ett styrelsem\u00f6te besl\u00f6t man att b\u00f6rja v\u00e4rva kvinnliga medlemmar till f\u00f6reningen. <strong>Arthur Lindfors<\/strong> blir rysk m\u00e4stare i brottning, tungvikt<\/span><\/td><\/tr><tr><td><span style=\"color: #000000;\">1917<\/span><\/td><td><span style=\"color: #000000;\">&#8221;Akilles s\u00e5ngarbr\u00f6der&#8221; slutar. Akilles <strong>shackklubb<\/strong> bildas<\/span>.<\/td><\/tr><tr><td><span style=\"color: #000000;\">1919<\/span><\/td><td><span style=\"color: #000000;\"><strong>Arthur Lindfors<\/strong> blir nordisk m\u00e4stare i grekisk-romersk brottning, tungvikt \u00f6. 82,5kg<\/span><\/td><\/tr><\/tbody><\/table><table><tbody><tr><th colspan=\"2\"><span style=\"color: #000000;\">1920-1929<\/span><\/th><\/tr><tr><td><span style=\"color: #000000;\">1920<\/span><\/td><td><span style=\"color: #000000;\">Vid OS i Antwerpen blev <strong>Adolf Lindfors<\/strong>, som 42-\u00e5ring, Akilles f\u00f6rsta OS-vinnare genom att ta <strong>guld<\/strong> i brottningens tungviktsklass (\u00f6. 82,5kg), grekisk-romersk stil. <strong>Arthur Lindfors<\/strong> tog <strong>silver<\/strong> i l\u00e4tt tungvikt ( 75kg), grekisk-romersk stil. <strong>Arthur Lindfors<\/strong> blir nordisk m\u00e4stare i grekisk-romersk brottning, tungvikt \u00f6. 82,5kg<\/span><br \/><span style=\"color: #000000;\"><strong>Heikki Liimatainen<\/strong> tog <strong>guld<\/strong> i lagterr\u00e4ng (H Liimatainen, Paavo Nurmi, T Koskenniemi) vid OS i Antwerpen, BEL. I individuella t\u00e4vlingen blev Liimatainen 7. P\u00e5 10000 m blev Liimatainen sjunde i finalen.<\/span><br \/><span style=\"color: #000000;\">Akilles &#8221;<strong>hockeyklubb<\/strong>&#8221; bildades som en f\u00f6reg\u00e5ngare till bandysektionen.<\/span><br \/><span style=\"color: #000000;\">Akilles <strong>damavdelning<\/strong> bildas den 10 maj med 23 damer n\u00e4rvarande<\/span><\/td><\/tr><tr><td><span style=\"color: #000000;\">1922<\/span><\/td><td><span style=\"color: #000000;\"><strong>Akillesmarschen<\/strong> uruppf\u00f6rs p\u00e5 Akilles 20-\u00e5rs jubileum. Marschen \u00e4r komponerad av Hannes Konno.<\/span><\/td><\/tr><tr><td><span style=\"color: #000000;\">1923<\/span><\/td><td><span style=\"color: #000000;\">Akilles tar,som en av de f\u00f6rsta f\u00f6reningarna i Finland, upp boxningen p\u00e5 programmet och <strong>Boxningssektionen<\/strong> bildas vid ett m\u00f6te 30 januari.<\/span><\/td><\/tr><tr><td><span style=\"color: #000000;\">1924<\/span><\/td><td><span style=\"color: #000000;\">Vid OS i Paris, FRA blev det <strong>guld<\/strong> f\u00f6r <strong>Heikki Liimatainen<\/strong> i lagterr\u00e4ng (H Liimatainen, Paavo Nurmi, Ville Ritola). I individuella t\u00e4vlingen blev Liimatainen tolfte.<\/span><br \/><span style=\"color: #000000;\">Brottaren <strong>Arthur Lindfors<\/strong> tog i <strong>silver<\/strong> l\u00e4tt tungvikt, grekisk-romersk stil.<\/span><\/td><\/tr><tr><td><span style=\"color: #000000;\">1925<\/span><\/td><td><span style=\"color: #000000;\">F\u00f6reningen blev inregistrerad<\/span><\/td><\/tr><tr><td><span style=\"color: #000000;\">1926<\/span><\/td><td><span style=\"color: #000000;\">Det f\u00f6rsta <strong>Borg\u00e5loppet<\/strong> p\u00e5 cykel g\u00e5r av stapeln p\u00e5 initiativ av Raul Hellberg. Hellberg vann ocks\u00e5 det f\u00f6rsta loppet.<\/span><\/td><\/tr><tr><td><span style=\"color: #000000;\">1927<\/span><\/td><td><span style=\"color: #000000;\">Akilles <strong>fana<\/strong> sys av Kerttu Syrj\u00e4kari och Rhea Niklander enligt Lennart Segerstr\u00e5hles f\u00f6rslag<\/span><\/td><\/tr><tr><td><span style=\"color: #000000;\"><strong>1928<\/strong><\/span><\/td><td><span style=\"color: #000000;\">Cyklisten Raul Hellberg blir tionde i landsv\u00e4gsloppet vid OS i Amsterdam, NED.<\/span><br \/><span style=\"color: #000000;\">Vid ett allm\u00e4nt m\u00f6te den 24 maj besl\u00f6t f\u00f6reningen att bygga sig ett eget hus. Den 28 juli lades grunden till Akilles f\u00f6reningshus. Den 18 novemder invigs v\u00e5r nya fina f\u00f6reningslokal.<\/span><br \/><span style=\"color: #000000;\">Den nya sportplanens l\u00f6pbanor tas i bruk. (nuvarande centralidrottsplanen)<\/span><\/td><\/tr><\/tbody><\/table><table><tbody><tr><th colspan=\"2\"><span style=\"color: #000000;\">1930-1939<\/span><\/th><\/tr><tr><td><span style=\"color: #000000;\">1930<\/span><\/td><td><span style=\"color: #000000;\"><strong>Mikko Nordling<\/strong> blev Europam\u00e4stare i brottning, weltervikt i Stockholm<\/span><br \/><span style=\"color: #000000;\">Akilles shackklubb omn\u00e4mns f\u00f6r sista g\u00e5ngen.<\/span><br \/><span style=\"color: #000000;\">Borg\u00e5 stads idrottsn\u00e4mnd instiftas<\/span><\/td><\/tr><tr><td><span style=\"color: #000000;\">1931<\/span><\/td><td><span style=\"color: #000000;\"><strong>Mikko Nordling<\/strong> blev Europam\u00e4stare i brottning, weltervikt i Prag.<\/span><br \/><span style=\"color: #000000;\">Cyklisterna <strong>Raul Hellberg<\/strong> och <strong>Helmer Munter<\/strong> deltog i VM p\u00e5 landsv\u00e4g i K\u00f6penhamn, DEN. Hellberg var 8. och Munter 21.<\/span><br \/><span style=\"color: #000000;\">Den nya sportplanen invigs officiellt.<\/span><\/td><\/tr><tr><td><span style=\"color: #000000;\">1934<\/span><\/td><td><span style=\"color: #000000;\"><strong>John &#8221;Joppe&#8221; Lindroth<\/strong> tog hem en bronspeng i stav p\u00e5 390 vid EM i Turin, ITA<\/span><br \/><span style=\"color: #000000;\">Sportplanens \u00e5sk\u00e5darl\u00e4ktaren byggs<\/span><\/td><\/tr><tr><td><span style=\"color: #000000;\">1936<\/span><\/td><td><span style=\"color: #000000;\"><strong>Paul &#8221;Palle&#8221; Virtanen<\/strong> deltog vid OS i Berlin p\u00e5 100 m (utslagen i f\u00f6rs\u00f6ken p\u00e5 10,9) och i stafett 4&#215;100 m (42,0)<\/span><\/td><\/tr><tr><td><span style=\"color: #000000;\">1937<\/span><\/td><td><span style=\"color: #000000;\">Jubileums\u00e5ret till \u00e4ra utges ett jubileumsnummer, den f\u00f6rsta Akilles-tidningen.<\/span><br \/><span style=\"color: #000000;\">Orienteringssektionen <strong>Akilles OK<\/strong> grundas 9 december.<\/span><\/td><\/tr><tr><td><span style=\"color: #000000;\">1938<\/span><\/td><td><span style=\"color: #000000;\">Brottningen upph\u00f6r inom Akilles.<\/span><\/td><\/tr><\/tbody><\/table><table><tbody><tr><th colspan=\"2\"><span style=\"color: #000000;\">1940-1949<\/span><\/th><\/tr><tr><td><span style=\"color: #000000;\">1940<\/span><\/td><td><span style=\"color: #000000;\">F\u00f6reningshusets festsal byggs om till biograflokal och uthyres \u00e5t ett biografbolag, &#8221;Bio Lux&#8221;.<\/span><\/td><\/tr><tr><td><span style=\"color: #000000;\">1945<\/span><\/td><td><span style=\"color: #000000;\">Borga stad inr\u00e4ttar en idrottsintukt\u00f6rstj\u00e4nst och till dess f\u00f6rsta innehavare valdes Palle Virtanen.<\/span><br \/><span style=\"color: #000000;\">Akilles Damklubb bildas vid ett m\u00f6te den 12 april och man besluter bl.a. att b\u00f6rja spela handboll. Handbollen blev ocks\u00e5 damernas fr\u00e4msta idrott de n\u00e4rmaste \u00e5ren.<\/span><\/td><\/tr><tr><td><span style=\"color: #000000;\">1946<\/span><\/td><td><span style=\"color: #000000;\">Slalomsektionen <strong>Akilles Slalomskidare<\/strong> bildas den 26 november.<\/span><\/td><\/tr><tr><td><span style=\"color: #000000;\">1947<\/span><\/td><td><span style=\"color: #000000;\">Handbollsdamen <strong>Saimi Andersson<\/strong> var m\u00e5lvaktsreserv i landskampen mot Norge<\/span><\/td><\/tr><tr><td><span style=\"color: #000000;\">1948<\/span><\/td><td><span style=\"color: #000000;\">Cyklisten <strong>Thorvald H\u00f6gstr\u00f6m<\/strong> deltog vid OS i Londen, GBR. Han avbr\u00f6t i landsv\u00e4gsloppet och ingick i det finlandska lag som p\u00e5 4 km blev elfte. <\/span><br \/><span style=\"color: #000000;\">Akilles l\u00e4t tillverka ett bordsstandar som planerats av Johannes Wiksten.<\/span><\/td><\/tr><tr><td><span style=\"color: #000000;\">1949<\/span><\/td><td><span style=\"color: #000000;\">Cyklisten <strong>Thorvald H\u00f6gstr\u00f6m<\/strong> avbr\u00f6t i landsv\u00e4gsloppet vid VM i K\u00f6penhamn, DEN.<\/span><br \/><span style=\"color: #000000;\">Akilles bygger miniatyrgolfbanan i Stadsparken och den v\u00e4cker ett stort intresse.<\/span><\/td><\/tr><\/tbody><\/table><table><tbody><tr><th colspan=\"2\"><span style=\"color: #000000;\">1950-1959<\/span><\/th><\/tr><tr><td><span style=\"color: #000000;\">1950<\/span><\/td><td><span style=\"color: #000000;\">Cyklisten <strong>Nils Henriksson<\/strong> avbr\u00f6t i landsv\u00e4gsloppet vid VM i Moorslede, BEL.<\/span><\/td><\/tr><tr><td><span style=\"color: #000000;\">1952<\/span><\/td><td><span style=\"color: #000000;\">Olympiska spelen i Helsingfors<\/span><br \/><span style=\"color: #000000;\">Cyklisten <strong>Ruben Forsblom<\/strong> startade i landsv\u00e4gsloppet vid OS i Helsingfors men avbr\u00f6t<\/span>.<br \/><span style=\"color: #000000;\">Cyklisten <strong>Nils Henriksson<\/strong> deltog vid OS i Helsingfors i lag banan 4km d\u00e4r han blev 15.<\/span><br \/><span style=\"color: #000000;\"><strong>Per-Erik &#8221;Peki&#8221; Lindqvist<\/strong> spelar i Finlands bandylandslag vid uppvisiningsmatcherna mot Norge och Sverige vid Vinter-OS i Oslo.<\/span><br \/><span style=\"color: #000000;\">Cyklisten <strong>Nils Henriksson<\/strong> avbr\u00f6t i landsv\u00e4gsloppet vid VM i Luxembourg.<\/span><br \/><span style=\"color: #000000;\">Akilles firar sitt <strong>50 \u00e5r<\/strong> jubileum<\/span><\/td><\/tr><tr><td><span style=\"color: #000000;\">1953<\/span><\/td><td><span style=\"color: #000000;\">Cyklisterna <strong>Ruben Forsblom<\/strong> och <strong>Nils Henriksson<\/strong> deltog i landsv\u00e4gsloppet vid VM i Lugano, CH. Ruben F blev 47 och Nils H avbr\u00f6t.<\/span><br \/><span style=\"color: #000000;\">Akilles <strong>ishockey<\/strong> bildas under bollsektionen. Den blir sj\u00e4lvst\u00e4ndig sektion 1963 och upph\u00f6r 1971.<\/span><\/td><\/tr><tr><td><span style=\"color: #000000;\">1954<\/span><\/td><td><span style=\"color: #000000;\"><strong>Torbj\u00f6rn Lassenius<\/strong> tog silver i 10-kamp vid EM i Bern, CH<\/span><\/td><\/tr><tr><td><span style=\"color: #000000;\">1956<\/span><\/td><td><span style=\"color: #000000;\"><strong>Torbj\u00f6rn Lassenius<\/strong> blev 7. i 10-kamp vid OS i Melbourne, AUS.<\/span><br \/><span style=\"color: #000000;\">Cyklisten <strong>Nils Henriksson<\/strong> avbr\u00f6t i landsv\u00e4gsloppet vid VM i K\u00f6penhamn, DEN.<\/span><\/td><\/tr><tr><td><span style=\"color: #000000;\">1959<\/span><\/td><td><span style=\"color: #000000;\">Cyklisten <strong>Ole Wackstr\u00f6m<\/strong> avbr\u00f6t i landsv\u00e4gsloppet vid VM i Zandvoort, NED.<\/span><\/td><\/tr><\/tbody><\/table><table><tbody><tr><th colspan=\"2\"><span style=\"color: #000000;\">1960-1969<\/span><\/th><\/tr><tr><td><span style=\"color: #000000;\">1960<\/span><\/td><td><span style=\"color: #000000;\">Cyklisten <strong>Ole Wackstr\u00f6m<\/strong> deltog vid VM i Sachsenring, GER. Han blev 62. i landsv\u00e4gsloppet och 25. i kvalet p\u00e5 bana 4 km.<\/span><\/td><\/tr><tr><td><span style=\"color: #000000;\">1961<\/span><\/td><td><span style=\"color: #000000;\">Cyklisten <strong>Kaj-Uno Johansson<\/strong> blev 69. i landsv\u00e4gsloppet vid VM i Bern, CH.<\/span><\/td><\/tr><tr><td><span style=\"color: #000000;\">1966<\/span><\/td><td><span style=\"color: #000000;\"><strong>Bo Grahn<\/strong> deltog vid Junior-EM f\u00f6r H19 i Odessa, SOV och blev fj\u00e4rde p\u00e5 15,76.<\/span><\/td><\/tr><tr><td><span style=\"color: #000000;\">1967<\/span><\/td><td><span style=\"color: #000000;\">Cyklisterna <strong>Ole Wackstr\u00f6m<\/strong>, <strong>Yngve Tallsten<\/strong>, <strong>Eero Karhu<\/strong> deltog i VM i Heerlen, NED, oplacerade. Eero K och Ole W avbr\u00f6t i landsv\u00e4gsloppet, Ole W var 21. p\u00e5 bana 4 km. Yngve T och Ole W deltog i lagtempo.<\/span><\/td><\/tr><tr><td><span style=\"color: #000000;\">1968<\/span><\/td><td><span style=\"color: #000000;\">Cyklisten <strong>Ole Wackstr\u00f6m<\/strong> var 57. i landsv\u00e4gsloppet och 16. p\u00e5 4 km bana i OS i Mexico, MEX. Ole W. ingick i Finlands lag som blev 19. i lagtempo<\/span><\/td><\/tr><tr><td><span style=\"color: #000000;\">1969<\/span><\/td><td><span style=\"color: #000000;\">Cyklisten <strong>Pekka Hovi<\/strong> ingick i Finlands lag som blev 21. i lagtempo vid VM i Brno, CZE.<\/span><br \/><span style=\"color: #000000;\">Akilles <strong>Konditionssektion<\/strong> bildas.<\/span><\/td><\/tr><\/tbody><\/table><table><tbody><tr><th colspan=\"2\"><span style=\"color: #000000;\">1970-1979<\/span><\/th><\/tr><tr><td><span style=\"color: #000000;\">1970<\/span><\/td><td><span style=\"color: #000000;\">Cyklisten <strong>Harry Hannus<\/strong> deltog i landsv\u00e4gsloppet vid VM i Leicester, GBR, men blev diskad. Harry H. ingick i Finlands lag som blev 15. i lagtempo<\/span><\/td><\/tr><tr><td><span style=\"color: #000000;\">1971<\/span><\/td><td><span style=\"color: #000000;\"><strong>Harry Hannus<\/strong> blev 12. och <strong>Ole Wackstr\u00f6m<\/strong> 89. i landsv\u00e4gsloppet vid VM i Mendrisio, Schweiz. Harry H. och Ole W. ingick i Finlands lag som blev 10. i lagtempo.<\/span><br \/><span style=\"color: #000000;\">F\u00f6reningens <strong>namn<\/strong> \u00e4ndrades till Borg\u00e5 Akilles- Porvoon Akilles.<\/span><\/td><\/tr><tr><td><span style=\"color: #000000;\">1972<\/span><\/td><td><span style=\"color: #000000;\">Cyklisterna <strong>Ole Wackstr\u00f6m<\/strong> och <strong>Harry Hannus<\/strong> deltog i OS i M\u00fcnchen, GER, b\u00e5da avbr\u00f6t i landsv\u00e4gsloppet. Harry H. och Ole W. ingick i Finlands lag som blev 18. i lagtempo<\/span><\/td><\/tr><tr><td><span style=\"color: #000000;\">1973<\/span><\/td><td><span style=\"color: #000000;\">Cyklisten <strong>Harry Hannus<\/strong> placerade sig som 6. vid VM p\u00e5 landsv\u00e4g och 14. p\u00e5 4 km bana San Sebastian, ESP. <strong>Lasse Munther<\/strong> avbr\u00f6t i landsv\u00e4gslopppet vid junior-EM i Munchen.<\/span><br \/><span style=\"color: #000000;\"><strong>Handbollsssektionen<\/strong> bildas.<\/span><\/td><\/tr><tr><td><span style=\"color: #000000;\">1974<\/span><\/td><td><span style=\"color: #000000;\">Cyklisten <strong>Harry Hannus<\/strong> placerade sig som 21. landsv\u00e4gsloppet och som 17. p\u00e5 4 km bana vid VM i Montreal, CAN.<\/span><br \/><span style=\"color: #000000;\"><strong>Magnus Mansner<\/strong> och <strong>Lasse Munther<\/strong> deltog i junior-EM i Warszawa, POL.<\/span><\/td><\/tr><tr><td><span style=\"color: #000000;\">1975<\/span><\/td><td><span style=\"color: #000000;\">Cyklisten <strong>Harry Hannus<\/strong> avbr\u00f6t i landsv\u00e4gsloppet och placerade sig som 13. p\u00e5 4 km bana vid VM i Liege, BEL. I Junior-VM blev Finland 21. i lagtempo. I laget cyklade Akilleiterna <strong>Patrick Wackstr\u00f6m<\/strong>, <strong>Magnus Mansner<\/strong>, <strong>Frank H\u00f6gstr\u00f6m<\/strong> samt <strong>Peter Backman<\/strong>.<\/span><\/td><\/tr><tr><td><span style=\"color: #000000;\">1976<\/span><\/td><td><span style=\"color: #000000;\">Cyklisten <strong>Harry Hannus<\/strong> blev 20. i landsv\u00e4gsloppet och 12. i f\u00f6rs\u00f6ken p\u00e5 4 km bana vid OS i Montreal, CAN. <strong>Patrick Wackstr\u00f6m<\/strong> blev 12. i landsv\u00e4gsloppet och 20. p\u00e5 3 km bana vid junior-VM i Goik, NED.<\/span><\/td><\/tr><tr><td><span style=\"color: #000000;\">1977<\/span><\/td><td><span style=\"color: #000000;\">Cyklisterna <strong>Harry Hannus<\/strong>, <strong>Patrick Wackstr\u00f6m<\/strong> och <strong>Magnus Mansner<\/strong> deltog i VM i San Cristobal, Venezuela. Harry H blev 4. i landsv\u00e4gsloppet och 13. p\u00e5 4 km bana. Patrick W blev 19. p\u00e5 1 km bana, i 4 km lag\u00e5kning blev Finland (Harry H och Patrick W) 13. Patrick W och Magnus M avbr\u00f6t i landsv\u00e4gsloppet.<\/span><\/td><\/tr><tr><td><span style=\"color: #000000;\">1978<\/span><\/td><td><span style=\"color: #000000;\">Cyklisterna <strong>Harry Hannus<\/strong>, <strong>Patrick Wackstr\u00f6m<\/strong> och <strong>Sixten Wackstr\u00f6m<\/strong> deltog i VM i N\u00fcrnburgring och M\u00fcnchen, GER. Harry H blev 13. i landsv\u00e4gsloppet och 12. i lagtempo med Patrick W. Patrick W blev 89. i landsv\u00e4gsloppet. I 4 km lag\u00e5kning blev Finland (Sixten W och Patrick W) 16.. Sixten W blev 24. p\u00e5 1 km bana.<\/span><br \/><span style=\"color: #000000;\">Sixten Wackstr\u00f6m blev 7. i landsv\u00e4gsloppet och 5. p\u00e5 3 km bana och 12. p\u00e5 1 km bana vid junior-VM i New York, USA.<\/span><\/td><\/tr><tr><td><span style=\"color: #000000;\">1979<\/span><\/td><td><span style=\"color: #000000;\">Cyklisterna <strong>Harry Hannus, Patrick Wackstr\u00f6m, Sixten Wackstr\u00f6m och Magnus Mansner<\/strong> deltog i VM i Valkenburg, NED. Harry H blev 15. och Magnus M 85. i landsv\u00e4gsloppet. I lagtempo blev Finland 15. med laget Harry H, Patrick W och Sixten W. Sixten W blev 21. och Patrick W blev 27. p\u00e5 4 km bana och i lagt\u00e4vlingen blev Patrick W och Sixten W 16:de. Sixten W blev 18. p\u00e5 1 km bana.<\/span><\/td><\/tr><\/tbody><\/table><table><tbody><tr><th colspan=\"2\"><span style=\"color: #000000;\">1980-1989<\/span><\/th><\/tr><tr><td><span style=\"color: #000000;\">1980<\/span><\/td><td>\u00a0<span style=\"color: #000000;\">Cyklisterna <strong>Harry Hannus, Patrick Wackstr\u00f6m, Sixten Wackstr\u00f6m<\/strong> deltog i OS i Moskva, RUS. Harry H blev 12. i landsv\u00e4gsloppet och Sixten W avbr\u00f6t. I lagtempo var Finland 7. (Harry H, Patrick W och Sixten W). P\u00e5 4 km bana blev Sixten W 11.<\/span><\/td><\/tr><tr><td><span style=\"color: #000000;\">1981<\/span><\/td><td><span style=\"color: #000000;\">Cyklisterna <strong>Patrick Wackstr\u00f6m, Sixten Wackstr\u00f6m och Magnus Mansner<\/strong> deltog i VM i Prag och Brno, CHE. I lagtempo var Finland 17. (Magnus M, Patrick W och Sixten W). P\u00e5 4 km bana blev Sixten W 17. och Patrik W 24. I lag\u00e5kning 4 km blev Finland 11. (Patrick W och Sixten W)<\/span><br \/><span style=\"color: #000000;\">Akilles blir finl\u00e4ndska m\u00e4stare i <strong>bandy<\/strong>.<\/span><\/td><\/tr><tr><td><span style=\"color: #000000;\">1982<\/span><\/td><td><span style=\"color: #000000;\">Cyklisterna <strong>Harry Hannus, Patrick Wackstr\u00f6m, Sixten Wackstr\u00f6m<\/strong> deltog i VM i Leicester, GBR. Harry H blev 36. landsv\u00e4gsloppet, Patrick W avbr\u00f6t. I lagtempo avbr\u00f6t Finlands lag (Harry H och Patrick W). P\u00e5 4 km bana blev Sixten W 28. I lag\u00e5kning 4 km blev Finland 16. (Patrick W och Sixten W)<\/span><\/td><\/tr><tr><td><span style=\"color: #000000;\">1983<\/span><\/td><td><span style=\"color: #000000;\">Cyklisterna <strong>Harry Hannus, Patrick Wackstr\u00f6m, Sixten Wackstr\u00f6m och Iris Karhu<\/strong> deltog i VM i Z\u00fcrich\/Alterheim, Schweiz. I lagtempo var Finland 11. (Harry H, Patrick W och Sixten W). Harry H, Patrick W och Sixten W avbr\u00f6t i landsv\u00e4gsloppet.<\/span><\/td><\/tr><tr><td><span style=\"color: #000000;\">1984<\/span><\/td><td><span style=\"color: #000000;\">Cyklisterna <strong>Harry Hannus, Patrick Wackstr\u00f6m, Sixten Wackstr\u00f6m<\/strong> deltog i OS i Los Angeles, USA. Harry H blev 31. och Patrick W 38. i landsv\u00e4gsloppet. I lagtempo blev Finland 13. med laget Harry H, Patrick W och Sixten W. Sixten W deltog p\u00e5 4 km bana d\u00e4r han 20. i f\u00f6rs\u00f6ken.<\/span><\/td><\/tr><tr><td><span style=\"color: #000000;\">1985<\/span><\/td><td><span style=\"color: #000000;\">Cyklisten <strong>Patrick Wackstr\u00f6m<\/strong> deltog i VM i Bassano\/Giavera del Montello, ITA. I lagtempo blev Finland 19. I laget ingick Patrick W. Patrick W avbr\u00f6t i landsv\u00e4gsloppet. I Damernas landsv\u00e4gslopp var <strong>Iris Karhu<\/strong> 65:te . <strong>Kimmo Karhu<\/strong> deltog i junior-VM Stuttgart, GER och blev 74. i landsv\u00e4gsloppet.<\/span><br \/><span style=\"color: #000000;\">Akilles blir finl\u00e4ndska m\u00e4stare i <strong>bandy<\/strong>.<\/span><\/td><\/tr><tr><td><span style=\"color: #000000;\">1986<\/span><\/td><td><span style=\"color: #000000;\">Cyklisten <strong>Kimmo Karhu<\/strong> deltog i junior-VM i Marocko och blev 101. i landsv\u00e4gsloppet<\/span><\/td><\/tr><\/tbody><\/table><table><tbody><tr><th colspan=\"2\"><span style=\"color: #000000;\">1990-1999<\/span><\/th><\/tr><tr><td><span style=\"color: #000000;\">1993<\/span><\/td><td><span style=\"color: #000000;\"><strong>Johan Meriluoto<\/strong> deltog i VM f\u00f6r H-19 i San Sebastian, ESP och blev sjunde i tresteg p\u00e5 15,90w.<\/span><\/td><\/tr><tr><td><span style=\"color: #000000;\">1998<\/span><\/td><td><span style=\"color: #000000;\">I EM i Budapest, HUN hade Akilles tv\u00e5 deltagare. <strong>Johan Meriluoto<\/strong> blev i herrarnas tresteg 9. p\u00e5 16,84 och <strong>Harri Uurainen<\/strong> blev i herrarnas diskuskval 23. p\u00e5 56,78.<\/span><\/td><\/tr><tr><td><span style=\"color: #000000;\">1999<\/span><\/td><td><span style=\"color: #000000;\"><strong>Johan Meriluoto<\/strong> deltog vid VM i Sevilla, ESP i herrar tresteg och blev i kvalet 37. p\u00e5 15,59.<\/span><\/td><\/tr><\/tbody><\/table><table><tbody><tr><th colspan=\"2\"><span style=\"color: #000000;\">2000-2019<\/span><\/th><\/tr><tr><td><span style=\"color: #000000;\">2001<\/span><\/td><td><span style=\"color: #000000;\"><strong>Johan Meriluoto<\/strong> deltog vid VM i Edmonton, CAN i herrar tresteg och blev 10. med resultatet 16,54<\/span><\/td><\/tr><tr><td><span style=\"color: #000000;\">2002<\/span><\/td><td><span style=\"color: #000000;\">Akilles firar sitt <strong>100 \u00e5rs<\/strong> jubileum.<\/span><\/td><\/tr><tr><td><span style=\"color: #000000;\">2003<\/span><\/td><td><span style=\"color: #000000;\"><strong>Rasmus Latvala<\/strong> deltog vid EM f\u00f6r H19 i Tammerfors i tresteg och blev i kvalet 15. p\u00e5 14,33.<\/span><\/td><\/tr><tr><td><span style=\"color: #000000;\">2005<\/span><\/td><td><strong><span style=\"color: #000000;\">Johan Meriluoto<\/span><\/strong><span style=\"color: #000000;\"> deltog vid VM i Helsingfors i herrar tresteg och blev i kvalet 25. p\u00e5 16,01.<\/span><\/td><\/tr><tr><td><span style=\"color: #000000;\">2006<\/span><\/td><td><span style=\"color: #000000;\"><strong>Rasmus Lindqvist<\/strong> deltog vid bandy-VM i Sverige.<\/span><\/td><\/tr><tr><td><span style=\"color: #000000;\">2007<\/span><\/td><td><span style=\"color: #000000;\"><strong>Johan Meriluoto<\/strong> deltog Europacupen Vasa i herrar tresteg och 4. p\u00e5 16,12.<\/span><\/td><\/tr><tr><td><span style=\"color: #000000;\">2008<\/span><\/td><td><span style=\"color: #000000;\"><strong>Johan Meriluoto<\/strong> deltog Europacupen Leiria, POR, i herrar tresteg och 4. p\u00e5 15,56.<\/span><\/td><\/tr><tr><td><span style=\"color: #000000;\">2009<\/span><\/td><td><span style=\"color: #000000;\"><strong>Rasmus Lindqvist<\/strong> spelade i landslaget i Bandy-VM i V\u00e4ster\u00e5s, SVE.<\/span><\/td><\/tr><tr><td><span style=\"color: #000000;\">2010<\/span><\/td><td>\u00a0<\/td><\/tr><tr><td><span style=\"color: #000000;\">2011<\/span><\/td><td>\u00a0<\/td><\/tr><tr><td><span style=\"color: #000000;\">2012<\/span><\/td><td><span style=\"color: #000000;\"><strong>Rolf Larsson<\/strong> spelade i landslaget i Bandy-VM i Kazakstan.<\/span><\/td><\/tr><tr><td><span style=\"color: #000000;\">2013<\/span><\/td><td><span style=\"color: #000000;\"><strong>Ville-Veikko Angeria<\/strong> uttagen till VM som hemmareserv. <strong>Lukas Tallberg <\/strong>deltog i bandy-VM f\u00f6r Herrar 17 och <strong>Miisa Klemola <\/strong>deltog i bandy-VM f\u00f6r Damer 17.<\/span><\/td><\/tr><tr><td><span style=\"color: #000000;\">2014<\/span><\/td><td><span style=\"color: #000000;\"><strong>Ville-Veikko Angeria<\/strong> spelade i landslaget i Bandy-VM i Irkutsk, RUS. <\/span><\/td><\/tr><tr><td><span style=\"color: #000000;\">2015<\/span><\/td><td><span style=\"color: #000000;\"><strong>Viktor Kantele <\/strong>deltog p\u00e5 110m h\u00e4ck i EM f\u00f6r H19 i Eskilstuna, SVE, och hade den 13. b\u00e4sta tiden i semifinalen.<strong> Lauri Tuomilehto<\/strong> tog silver p\u00e5 100m i EYOF f\u00f6r H\/D16 i Tbilisi, GEO. <strong>Ville-Veikko Angeria<\/strong> och <strong>Sami Laakkonen<\/strong> spelade i landslaget i Bandy-VM i Habarovsk, RUS.<br \/><\/span><\/td><\/tr><tr><td><span style=\"color: #000000;\">2016<\/span><\/td><td><span style=\"color: #000000;\"><strong>Lauri Tuomilehto<\/strong> blev 5. p\u00e5 100m i EM f\u00f6r H\/D17 i Tbilisi, GEO.<\/span><\/td><\/tr><tr><td><span style=\"color: #000000;\">2017<\/span><\/td><td><span style=\"color: #000000;\"><strong>Sara Kuivisto<\/strong> deltog i Lag-EM i Vasa. Hon blev 5. p\u00e5 800 m och 8. p\u00e5 1500 m. <strong>Viktor Kantele<\/strong> och <strong>Willem Kajander<\/strong> var med vid EM f\u00f6r H\/D22 i Bydgoszcz, POL. Kantele blev\u00a0 diskvalilficerad i f\u00f6rs\u00f6ken p\u00e5 110 m h\u00e4ck och Kajander l\u00f6pte i Finlands stafettlag p\u00e5 4&#215;100 m. Laget tog hem en bronsmedalj.Under \u00e5r 2019 har f\u00f6ljande spelare spelat i finska landslaget i bandy: damlandslaget Karoliina Heinonen, P21 Akseli Pursio, P19 William Skog, Casper H\u00e4nninen, P17 Isak Skog, Akseli Laakkonen F17 Emma Janhunen, Marisa Klemola, Suvi Kortelainen, Kiia Paljakka, P15 Atte Sonntag.<\/span><\/td><\/tr><tr><td><span style=\"color: #000000;\">2018<\/span><\/td><td><span style=\"color: #000000;\"><strong>Sara Kuivisto<\/strong> deltog i EM i Berlin, GER och l\u00f6pte i f\u00f6rs\u00f6ken p\u00e5 800 m och 1500 m.\u00a0 <strong>Isac Wedenberg<\/strong> l\u00f6pte 200 m f\u00f6rs\u00f6k och semifinal\u00a0 i EM f\u00f6r H17 i Gy\u00f6r, HUN. placeringen var 19. b\u00e5de i f\u00f6rs\u00f6k och seminfinal. <strong>Jonni Blomqvist<\/strong> blev 2. p\u00e5 4000m h\u00e4ck vid NM f\u00f6r H21 i G\u00e4vle, SVE. Jonni l\u00f6pte ocks\u00e5 i det vinnande laget p\u00e5 4&#215;400 m. <\/span><span style=\"color: #000000;\">Under \u00e5r 2019 har f\u00f6ljande spelare spelat i finska landslaget i bandy: Herrlaget Ville-Veikko Angeria och Juuso Johansson, damlandslaget Marisa Klemola, Miisa Klemola, Emma Janhunen och Iina Lempinen, P21 Akseli Pursio, P19 Rasmus Fridolfsson, Saku H\u00e4m\u00e4l\u00e4inen, P17 Joel Niittyvoipio, Akseli Laakkonen och Akseli Pursio F17 Linda Rintala, Emman Ahonen, Emma Janhunen, Marisa Klemola, Suvi Kortelainen, Iina Lempinen och Tytti Lempinen, P15 Niklas Tallqvist.<br \/><\/span><\/td><\/tr><tr><td><span style=\"color: #000000;\">2019<\/span><\/td><td><span style=\"color: #000000;\"><strong>Sara Kuivisto<\/strong> deltog i VM i Doha, QAT och l\u00f6pte i f\u00f6rs\u00f6ken p\u00e5 800 m och 1500 m. Sara Kuivisto deltog ocks\u00e5 i Lag-EM i Bydgoszcz, POL. Hon blev 4. p\u00e5 b\u00e5de 800 m och 1500 m. <strong>Amanda Liljendal<\/strong> placerade sig som 12. i damernas 7-kamp vid Lag-Em i m\u00e5ngkamp i Riberia Brava, POR. Amanda tog guld i D22 7-kamp vid NM i Uppsala, SVE. Under \u00e5r 2019 har f\u00f6ljande spelare spelat i finska landslaget i bandy: P21 Casper H\u00e4nninen, Isak Skog och William Skog, i P19 Rasmus Fridolfsson, Akseli Laakkonen, Aapo Pursio och Isak Skog och i F17 Sonja Nissi, Mindi Nuutti och Linda Rintala.<br \/><\/span><\/td><\/tr><\/tbody><\/table><table><tbody><tr><th colspan=\"2\"><span style=\"color: #000000;\">2020-2039<\/span><\/th><\/tr><tr><td><span style=\"color: #000000;\">2020<\/span><\/td><td><span style=\"color: #000000;\">I bandylandslaget har spelat <strong>Rasmus Kettunen<\/strong> och i P19- landslagen spelade <strong>Akseli Laakkonen<\/strong> och <strong>Akseli Pursio<\/strong><br \/><\/span><\/td><\/tr><tr><td><span style=\"color: #000000;\">2021<\/span><\/td><td><span style=\"color: #000000;\"><strong>Sara Kuivisto<\/strong> deltog i OS i Tokyo, JPN och l\u00f6pte finska rekord i semifinalerna p\u00e5 b\u00e5de 800 m och 1500 m. <strong>Noora Juslin <\/strong>deltog i EM u 23 och placerade sig som 29. i f\u00f6rs\u00f6ken p\u00e5 100 m h\u00e4ck.<br \/><\/span><\/td><\/tr><tr><td><span style=\"color: #000000;\">2022<\/span><\/td><td><span style=\"color: #000000;\"><strong>Sara Kuivisto<\/strong> deltog i EM i M\u00fcnchen GER, och placerade sig som 6. semifinalen p\u00e5 800 m. <strong>Sara Kuivisto<\/strong> deltog ocks\u00e5 i hall-VM i Belgrad, SRB. Hon blev 11. p\u00e5 1500 m.<br \/><\/span><\/td><\/tr><tr><td><span style=\"color: #000000;\">2024<\/span><\/td><td><span style=\"color: #000000;\"><strong>Sara Lappalainen <\/strong>deltog i EM i Rom ITA, och placerade sig som 7. i sitt f\u00f6rs\u00f6ksheat p\u00e5 1500 m. Sara deltog i<\/span><span style=\"color: #000000;\"> OS i Paris, FRA och l\u00f6pte i f\u00f6rs\u00f6ken p\u00e5 800 m.<\/span><\/td><\/tr><\/tbody><\/table>\t\t\t\t\t\t\t\t<\/div>\n\t\t\t\t<\/div>\n\t\t\t\t\t<\/div>\n\t\t<\/div>\n\t\t\t\t\t<\/div>\n\t\t<\/section>\n\t\t\t\t<\/div>\n\t\t","protected":false},"excerpt":{"rendered":"<p>Adolf LindforsAkilles f\u00f6rsta ordf\u00f6rande1902-1912Akilleen ensimm\u00e4inen puheenjohtaja 1902-1912 1902-1909 1902 Den 17 oktober kl 19.30 grundas Borg\u00e5 Nykterhetsv\u00e4nners Gymnastikklubb, BNV:s Gymnastikklubb i Borg\u00e5 Lyceums gymnastiksal. Till f\u00f6reningens f\u00f6rsta ordf\u00f6rande valdes Adolf Lindfors. Staden bygger den f\u00f6rsta lek- och idrottsplanen (60&#215;120 m) i n\u00e4rheten av vattentornet. Stadens f\u00f6rsta sportplan blev f\u00e4rdig. Den anv\u00e4ndes m\u00e5nga \u00e5r som cirkus- [&hellip;]<\/p>\n","protected":false},"author":4,"featured_media":0,"parent":0,"menu_order":0,"comment_status":"closed","ping_status":"closed","template":"","meta":{"_crdt_document":"","footnotes":""},"class_list":["post-392","page","type-page","status-publish","hentry"],"yoast_head":"<!-- This site is optimized with the Yoast SEO plugin v27.4 - https:\/\/yoast.com\/product\/yoast-seo-wordpress\/ -->\n<title>Historia - Historia - Borg\u00e5 Akilles - Porvoon Akilles<\/title>\n<meta name=\"robots\" content=\"index, follow, max-snippet:-1, max-image-preview:large, max-video-preview:-1\" \/>\n<link rel=\"canonical\" href=\"https:\/\/www.akilles.fi\/centralstyrelsen\/historia-historia\/\" \/>\n<meta property=\"og:locale\" content=\"sv_SE\" \/>\n<meta property=\"og:type\" content=\"article\" \/>\n<meta property=\"og:title\" content=\"Historia - Historia - Borg\u00e5 Akilles - Porvoon Akilles\" \/>\n<meta property=\"og:description\" content=\"Adolf LindforsAkilles f\u00f6rsta ordf\u00f6rande1902-1912Akilleen ensimm\u00e4inen puheenjohtaja 1902-1912 1902-1909 1902 Den 17 oktober kl 19.30 grundas Borg\u00e5 Nykterhetsv\u00e4nners Gymnastikklubb, BNV:s Gymnastikklubb i Borg\u00e5 Lyceums gymnastiksal. Till f\u00f6reningens f\u00f6rsta ordf\u00f6rande valdes Adolf Lindfors. Staden bygger den f\u00f6rsta lek- och idrottsplanen (60&#215;120 m) i n\u00e4rheten av vattentornet. Stadens f\u00f6rsta sportplan blev f\u00e4rdig. Den anv\u00e4ndes m\u00e5nga \u00e5r som cirkus- [&hellip;]\" \/>\n<meta property=\"og:url\" content=\"https:\/\/www.akilles.fi\/centralstyrelsen\/historia-historia\/\" \/>\n<meta property=\"og:site_name\" content=\"Borg\u00e5 Akilles - Porvoon Akilles\" \/>\n<meta property=\"article:modified_time\" content=\"2025-11-16T13:54:26+00:00\" \/>\n<meta property=\"og:image\" content=\"http:\/\/www.akilles.fi\/2\/wp-content\/uploads\/sites\/27\/2019\/01\/adolflindfors-300x282.jpg\" \/>\n<meta name=\"twitter:card\" content=\"summary_large_image\" \/>\n<meta name=\"twitter:label1\" content=\"Ber\u00e4knad l\u00e4stid\" \/>\n\t<meta name=\"twitter:data1\" content=\"14 minuter\" \/>\n<script type=\"application\/ld+json\" class=\"yoast-schema-graph\">{\"@context\":\"https:\\\/\\\/schema.org\",\"@graph\":[{\"@type\":\"WebPage\",\"@id\":\"https:\\\/\\\/www.akilles.fi\\\/centralstyrelsen\\\/historia-historia\\\/\",\"url\":\"https:\\\/\\\/www.akilles.fi\\\/centralstyrelsen\\\/historia-historia\\\/\",\"name\":\"Historia - Historia - Borg\u00e5 Akilles - Porvoon Akilles\",\"isPartOf\":{\"@id\":\"https:\\\/\\\/www.akilles.fi\\\/centralstyrelsen\\\/#website\"},\"primaryImageOfPage\":{\"@id\":\"https:\\\/\\\/www.akilles.fi\\\/centralstyrelsen\\\/historia-historia\\\/#primaryimage\"},\"image\":{\"@id\":\"https:\\\/\\\/www.akilles.fi\\\/centralstyrelsen\\\/historia-historia\\\/#primaryimage\"},\"thumbnailUrl\":\"http:\\\/\\\/www.akilles.fi\\\/2\\\/wp-content\\\/uploads\\\/sites\\\/27\\\/2019\\\/01\\\/adolflindfors-300x282.jpg\",\"datePublished\":\"2018-12-29T08:37:59+00:00\",\"dateModified\":\"2025-11-16T13:54:26+00:00\",\"breadcrumb\":{\"@id\":\"https:\\\/\\\/www.akilles.fi\\\/centralstyrelsen\\\/historia-historia\\\/#breadcrumb\"},\"inLanguage\":\"sv-SE\",\"potentialAction\":[{\"@type\":\"ReadAction\",\"target\":[\"https:\\\/\\\/www.akilles.fi\\\/centralstyrelsen\\\/historia-historia\\\/\"]}]},{\"@type\":\"ImageObject\",\"inLanguage\":\"sv-SE\",\"@id\":\"https:\\\/\\\/www.akilles.fi\\\/centralstyrelsen\\\/historia-historia\\\/#primaryimage\",\"url\":\"http:\\\/\\\/www.akilles.fi\\\/2\\\/wp-content\\\/uploads\\\/sites\\\/27\\\/2019\\\/01\\\/adolflindfors-300x282.jpg\",\"contentUrl\":\"http:\\\/\\\/www.akilles.fi\\\/2\\\/wp-content\\\/uploads\\\/sites\\\/27\\\/2019\\\/01\\\/adolflindfors-300x282.jpg\"},{\"@type\":\"BreadcrumbList\",\"@id\":\"https:\\\/\\\/www.akilles.fi\\\/centralstyrelsen\\\/historia-historia\\\/#breadcrumb\",\"itemListElement\":[{\"@type\":\"ListItem\",\"position\":1,\"name\":\"Home\",\"item\":\"https:\\\/\\\/www.akilles.fi\\\/centralstyrelsen\\\/\"},{\"@type\":\"ListItem\",\"position\":2,\"name\":\"Historia &#8211; Historia\"}]},{\"@type\":\"WebSite\",\"@id\":\"https:\\\/\\\/www.akilles.fi\\\/centralstyrelsen\\\/#website\",\"url\":\"https:\\\/\\\/www.akilles.fi\\\/centralstyrelsen\\\/\",\"name\":\"Borg\u00e5 Akilles - Porvoon Akilles\",\"description\":\"Borg\u00e5 Akilles - Porvoon Akilles\",\"potentialAction\":[{\"@type\":\"SearchAction\",\"target\":{\"@type\":\"EntryPoint\",\"urlTemplate\":\"https:\\\/\\\/www.akilles.fi\\\/centralstyrelsen\\\/?s={search_term_string}\"},\"query-input\":{\"@type\":\"PropertyValueSpecification\",\"valueRequired\":true,\"valueName\":\"search_term_string\"}}],\"inLanguage\":\"sv-SE\"}]}<\/script>\n<!-- \/ Yoast SEO plugin. -->","yoast_head_json":{"title":"Historia - Historia - Borg\u00e5 Akilles - Porvoon Akilles","robots":{"index":"index","follow":"follow","max-snippet":"max-snippet:-1","max-image-preview":"max-image-preview:large","max-video-preview":"max-video-preview:-1"},"canonical":"https:\/\/www.akilles.fi\/centralstyrelsen\/historia-historia\/","og_locale":"sv_SE","og_type":"article","og_title":"Historia - Historia - Borg\u00e5 Akilles - Porvoon Akilles","og_description":"Adolf LindforsAkilles f\u00f6rsta ordf\u00f6rande1902-1912Akilleen ensimm\u00e4inen puheenjohtaja 1902-1912 1902-1909 1902 Den 17 oktober kl 19.30 grundas Borg\u00e5 Nykterhetsv\u00e4nners Gymnastikklubb, BNV:s Gymnastikklubb i Borg\u00e5 Lyceums gymnastiksal. Till f\u00f6reningens f\u00f6rsta ordf\u00f6rande valdes Adolf Lindfors. Staden bygger den f\u00f6rsta lek- och idrottsplanen (60&#215;120 m) i n\u00e4rheten av vattentornet. Stadens f\u00f6rsta sportplan blev f\u00e4rdig. Den anv\u00e4ndes m\u00e5nga \u00e5r som cirkus- [&hellip;]","og_url":"https:\/\/www.akilles.fi\/centralstyrelsen\/historia-historia\/","og_site_name":"Borg\u00e5 Akilles - Porvoon Akilles","article_modified_time":"2025-11-16T13:54:26+00:00","og_image":[{"url":"http:\/\/www.akilles.fi\/2\/wp-content\/uploads\/sites\/27\/2019\/01\/adolflindfors-300x282.jpg","type":"","width":"","height":""}],"twitter_card":"summary_large_image","twitter_misc":{"Ber\u00e4knad l\u00e4stid":"14 minuter"},"schema":{"@context":"https:\/\/schema.org","@graph":[{"@type":"WebPage","@id":"https:\/\/www.akilles.fi\/centralstyrelsen\/historia-historia\/","url":"https:\/\/www.akilles.fi\/centralstyrelsen\/historia-historia\/","name":"Historia - Historia - Borg\u00e5 Akilles - Porvoon Akilles","isPartOf":{"@id":"https:\/\/www.akilles.fi\/centralstyrelsen\/#website"},"primaryImageOfPage":{"@id":"https:\/\/www.akilles.fi\/centralstyrelsen\/historia-historia\/#primaryimage"},"image":{"@id":"https:\/\/www.akilles.fi\/centralstyrelsen\/historia-historia\/#primaryimage"},"thumbnailUrl":"http:\/\/www.akilles.fi\/2\/wp-content\/uploads\/sites\/27\/2019\/01\/adolflindfors-300x282.jpg","datePublished":"2018-12-29T08:37:59+00:00","dateModified":"2025-11-16T13:54:26+00:00","breadcrumb":{"@id":"https:\/\/www.akilles.fi\/centralstyrelsen\/historia-historia\/#breadcrumb"},"inLanguage":"sv-SE","potentialAction":[{"@type":"ReadAction","target":["https:\/\/www.akilles.fi\/centralstyrelsen\/historia-historia\/"]}]},{"@type":"ImageObject","inLanguage":"sv-SE","@id":"https:\/\/www.akilles.fi\/centralstyrelsen\/historia-historia\/#primaryimage","url":"http:\/\/www.akilles.fi\/2\/wp-content\/uploads\/sites\/27\/2019\/01\/adolflindfors-300x282.jpg","contentUrl":"http:\/\/www.akilles.fi\/2\/wp-content\/uploads\/sites\/27\/2019\/01\/adolflindfors-300x282.jpg"},{"@type":"BreadcrumbList","@id":"https:\/\/www.akilles.fi\/centralstyrelsen\/historia-historia\/#breadcrumb","itemListElement":[{"@type":"ListItem","position":1,"name":"Home","item":"https:\/\/www.akilles.fi\/centralstyrelsen\/"},{"@type":"ListItem","position":2,"name":"Historia &#8211; Historia"}]},{"@type":"WebSite","@id":"https:\/\/www.akilles.fi\/centralstyrelsen\/#website","url":"https:\/\/www.akilles.fi\/centralstyrelsen\/","name":"Borg\u00e5 Akilles - Porvoon Akilles","description":"Borg\u00e5 Akilles - Porvoon Akilles","potentialAction":[{"@type":"SearchAction","target":{"@type":"EntryPoint","urlTemplate":"https:\/\/www.akilles.fi\/centralstyrelsen\/?s={search_term_string}"},"query-input":{"@type":"PropertyValueSpecification","valueRequired":true,"valueName":"search_term_string"}}],"inLanguage":"sv-SE"}]}},"_links":{"self":[{"href":"https:\/\/www.akilles.fi\/centralstyrelsen\/wp-json\/wp\/v2\/pages\/392","targetHints":{"allow":["GET"]}}],"collection":[{"href":"https:\/\/www.akilles.fi\/centralstyrelsen\/wp-json\/wp\/v2\/pages"}],"about":[{"href":"https:\/\/www.akilles.fi\/centralstyrelsen\/wp-json\/wp\/v2\/types\/page"}],"author":[{"embeddable":true,"href":"https:\/\/www.akilles.fi\/centralstyrelsen\/wp-json\/wp\/v2\/users\/4"}],"replies":[{"embeddable":true,"href":"https:\/\/www.akilles.fi\/centralstyrelsen\/wp-json\/wp\/v2\/comments?post=392"}],"version-history":[{"count":146,"href":"https:\/\/www.akilles.fi\/centralstyrelsen\/wp-json\/wp\/v2\/pages\/392\/revisions"}],"predecessor-version":[{"id":2247,"href":"https:\/\/www.akilles.fi\/centralstyrelsen\/wp-json\/wp\/v2\/pages\/392\/revisions\/2247"}],"wp:attachment":[{"href":"https:\/\/www.akilles.fi\/centralstyrelsen\/wp-json\/wp\/v2\/media?parent=392"}],"curies":[{"name":"wp","href":"https:\/\/api.w.org\/{rel}","templated":true}]}}