{"id":80,"date":"2019-01-07T17:30:15","date_gmt":"2019-01-07T15:30:15","guid":{"rendered":"http:\/\/94.237.33.215\/~akilles\/nyasida\/friidrott\/?page_id=80"},"modified":"2026-04-17T15:06:04","modified_gmt":"2026-04-17T15:06:04","slug":"aktuellt-ajankohtaista","status":"publish","type":"page","link":"https:\/\/www.akilles.fi\/friidrott\/","title":{"rendered":"Aktuellt &#8211; Ajankohtaista"},"content":{"rendered":"\t\t<div data-elementor-type=\"wp-post\" data-elementor-id=\"80\" class=\"elementor elementor-80\" data-elementor-post-type=\"page\">\n\t\t\t\t\t\t<section class=\"elementor-section elementor-top-section elementor-element elementor-element-195b9c6 elementor-section-boxed elementor-section-height-default elementor-section-height-default\" data-id=\"195b9c6\" data-element_type=\"section\">\n\t\t\t\t\t\t<div class=\"elementor-container elementor-column-gap-default\">\n\t\t\t\t\t<div class=\"elementor-column elementor-col-33 elementor-top-column elementor-element elementor-element-1bfd1e4\" data-id=\"1bfd1e4\" data-element_type=\"column\">\n\t\t\t<div class=\"elementor-widget-wrap elementor-element-populated\">\n\t\t\t\t\t\t<div class=\"elementor-element elementor-element-6c900fc elementor-widget__width-initial elementor-widget elementor-widget-text-editor\" data-id=\"6c900fc\" data-element_type=\"widget\" data-widget_type=\"text-editor.default\">\n\t\t\t\t<div class=\"elementor-widget-container\">\n\t\t\t\t\t\t\t\t\t<h4><strong>Aktuellt \u2013 Ajankohtaista<\/strong><\/h4><p><a href=\"https:\/\/www.akilles.fi\/friidrott\/summer-camp\/\"><span style=\"color: #008000;\">VBO Summer Camp-anm\u00e4lningen \u00f6ppnas 1.4<\/span><\/a><br \/><span style=\"color: #008000;\"><a style=\"color: #008000;\" href=\"https:\/\/www.akilles.fi\/friidrott\/summer-camp\/\">VBO Summer Camp ilmoittautuminen avataan 1.4<\/a><\/span><\/p><p style=\"font-size: 16px;\"><span style=\"color: #008000;\"><strong>Tr\u00e4na friidrott med Akilles!<\/strong><\/span><\/p><p>Vinterns tr\u00e4ningar har b\u00f6rjat. Tr\u00e4ningsturerna finns under fliken Tr\u00e4ning. <strong>Nya medlemmar<\/strong> kan anm\u00e4la sig under tr\u00e4ningarna, eller genom att fylla i sina uppgifter p\u00e5 MyClub: <a href=\"https:\/\/akilles.myclub.fi\/login\">https:\/\/akilles.myclub.fi\/login<\/a><\/p><p style=\"font-size: 16px;\"><strong><span style=\"color: #0000ff;\">Tervetuloa yleisurheilemaan!<\/span><\/strong><\/p><p>Talven harjoitukset ovat alkaneet. Harjoitusvuorot l\u00f6ytyv\u00e4t v\u00e4lilehdelt\u00e4 Harjoitukset. <strong>Uudet j\u00e4senet<\/strong> voivat ilmoittautua harjoituksissa, tai t\u00e4ytt\u00e4m\u00e4ll\u00e4 omat tiedot MyClubiin: <a href=\"https:\/\/akilles.myclub.fi\/login\">https:\/\/akilles.myclub.fi\/login<\/a><\/p><p><span style=\"color: #008000;\"><strong>Mars 2026 Maaliskuu<\/strong><\/span><\/p><p>Fr-S\u00f6 10-12.3 <a href=\"https:\/\/www.kilpailukalenteri.fi\/?cs=16&amp;nid=38147\">Tampere Junior Indoor Games (10-15\u00e5r)<\/a>\u00a0 Tampereen Pyrint\u00f6\/TJIG\u00a0 <strong><br \/><\/strong>S\u00f6 29.3 <a href=\"https:\/\/www.akilles.fi\/friidrott\/gustafs-skoltavlingar\/\">Gustafs skolt\u00e4vlingar<\/a>, Kokonhallen<\/p><p><span style=\"color: #008000;\"><strong>April 2026 Huhtikuu<\/strong><\/span><\/p><p>L\u00f6 25.4 <a href=\"https:\/\/www.kilpailukalenteri.fi\/?cs=16&amp;nid=38282\">FM landsv\u00e4g H\/D, H\/D 17-19<\/a> Pyttis<br \/>On 15.4 kl. 18 <a href=\"https:\/\/www.akilles.fi\/friidrott\/terrang-2026-maastojuoksut\/\">Akilles m\u00e4sterskap i terr\u00e4ngl\u00f6pning del 1<\/a>,\u00a0 Am-maastot osa 1\u00a0 <a href=\"https:\/\/www.akilles.fi\/friidrott\/akilles-terrangmasterskap-maastojuoksun-mestaruuskilpailut\/\">Resultat-Tulokset<\/a><br \/>To 23.4 kl. 18 <a href=\"https:\/\/www.akilles.fi\/friidrott\/terrang-2026-maastojuoksut\/\">Akilles m\u00e4sterskap i terr\u00e4ngl\u00f6pning del 2<\/a>, Am-maastot osa 2 <a href=\"https:\/\/www.akilles.fi\/friidrott\/akilles-terrangmasterskap-maastojuoksun-mestaruuskilpailut\/\">Resultat-Tulokset<\/a><br \/>Ti 28.4 kl. 18 <a href=\"https:\/\/www.akilles.fi\/friidrott\/terrang-2026-maastojuoksut\/\">Akilles m\u00e4sterskap i terr\u00e4ngl\u00f6pning del 3<\/a>, Am-maastot osa 3 <a href=\"https:\/\/www.akilles.fi\/friidrott\/akilles-terrangmasterskap-maastojuoksun-mestaruuskilpailut\/\">Resultat-Tulokset<\/a><br \/><br \/><span style=\"color: #008000;\"><strong>Maj 2026 Toukokuu<\/strong><\/span><br \/><br \/>L\u00f6 2.5 <a href=\"https:\/\/www.kilpailukalenteri.fi\/?cs=16&amp;nid=38716\">N\u00c5ID-m\u00e4sterskap terr\u00e4ng<\/a>\u00a0 (H\/D, H\/D15-19, P\/F 9-13) Raseborg &#8211; Raasepori, Dragsvik motionsbana\/Dragsvikin kuntorata<br \/>L\u00f6 9.5 kl. 10.00 <a href=\"https:\/\/www.akilles.fi\/friidrott\/borga-varkast-porvoon-kevatheitot\/\">Borg\u00e5 V\u00c5RKAST Borgbackens kastplan \/ KEV\u00c4THEITOT<\/a> <br \/>Ti 12.5 kl 9.30 Svenska skolt\u00e4vlingarna (skolorna sk\u00f6ter)<br \/>On 20.5 klo. 9.30 Suomenkieliset koulukisat (koulut hoitavat)<br \/>Fr-L\u00f6 22.23.5 <a href=\"https:\/\/stafettkarnevalen.fi\/\">Stafettkarnevalen<\/a>, Hfors\/Stadion<br \/>L\u00f6-S\u00f6 23-24.5 <a href=\"https:\/\/www.kll.fi\/tapahtumat\/kll-sm-yleisurheilukilpailut-2026-alavudella\/\">KLL:n yu -kisat<\/a>, Alavus<br \/>S\u00f6 24.5 <a href=\"https:\/\/www.kilpailukalenteri.fi\/?cs=16&amp;nid=38287\">Toukokuun kisat<\/a>, H:fors\/D<br \/>S\u00f6 24.5 <a href=\"https:\/\/www.kilpailukalenteri.fi\/?cs=16&amp;nid=38287\">RegionM H\/D 10000m<\/a>, H:fors\/D<br \/>M\u00e5 26.5 <a href=\"https:\/\/www.kilpailukalenteri.fi\/?cs=16&amp;nid=38424\" target=\"_blank\" rel=\"noopener\">Sibbo Energi-t\u00e4vling \/ Sipoon Energia-kisa 3<\/a>,\u00a0 Nickby<br \/>On 27.5 kl. 18 <a href=\"https:\/\/www.akilles.fi\/friidrott\/borga-juniortavlingar-2026-porvoon-junorikisat\/\">Juniort\u00e4vling 1 Centralidrottsplan\/ Juniorikisa 1<\/a> Keskuskentt\u00e4<\/p><p><a href=\"https:\/\/www.akilles.fi\/friidrott\/friidrottslicens-yleisurheilulisenssi\/\"><strong><span style=\"color: #ff0000;\"><span style=\"color: #008000;\">Friidrottslicenser<\/span> <span style=\"color: #008000;\">2025-2026 -Yleisurheilulisenssit<\/span><\/span><\/strong><\/a><\/p><p><strong><a href=\"https:\/\/kunskapsarenan.se\/friidrott\/friidrottens-ovningsbank\"><span style=\"color: #800080;\">Friidrottens \u00f6vningsbank<\/span><\/a><\/strong><\/p><p>______________________________________<br \/><span style=\"color: #008000;\"><a style=\"color: #008000;\" href=\"https:\/\/docs.google.com\/document\/d\/1RO_DP3bHGra4U43V7uZhZnTiHqD8RYLC\/edit?usp=sharing&amp;ouid=100827343957693938469&amp;rtpof=true&amp;sd=true\"><strong>Infoblad till nya medlemmar 2025<\/strong><\/a><\/span><br \/><span style=\"color: #008000;\"><a style=\"color: #008000;\" href=\"https:\/\/docs.google.com\/document\/d\/17DFWGx7jkQB19jgFP4pXW3Vcrzys8s2o\/edit?usp=sharing&amp;ouid=100827343957693938469&amp;rtpof=true&amp;sd=true\"><strong>Infokirje uusille j\u00e4senille 2025<\/strong><\/a><\/span><br \/>______________________________________<\/p><p><span style=\"color: #008000;\"><a style=\"color: #008000;\" href=\"https:\/\/www.akilles.fi\/friidrott\/arsavgifter-vuosimaksut-2025\/\"><strong>\u00c5rsavgifter 2025 &#8211; \u00a0<\/strong><\/a><a style=\"color: #008000;\" href=\"https:\/\/www.akilles.fi\/friidrott\/arsavgifter-vuosimaksut-2025\/\"><strong>Vuosimaksut 2025<\/strong><\/a><\/span><\/p><p><span style=\"color: #003300;\"><strong><a href=\"https:\/\/www.akilles.fi\/friidrott\/akilles-statistik-1902-2025-akilleksen-tilasto-1902-2025\/\">Akilles statistik 1902-2025 <\/a><\/strong>uppdaterad 22.11.2025<\/span><br \/><span style=\"color: #003300;\"><strong><a href=\"https:\/\/www.akilles.fi\/friidrott\/akilles-statistik-1902-2025-akilleksen-tilasto-1902-2025\/\">Akileen tilastot 1902-2025<\/a> <\/strong>p\u00e4ivitetty 22.11.2025<\/span><\/p><p><span style=\"color: #008000;\"><strong><a style=\"color: #008000;\" href=\"https:\/\/www.akilles.fi\/friidrott\/grona-boken-vihrea-kirja\/\">Gr\u00f6na boken\u00a0\u00a0 \u2013\u00a0\u00a0 Vihre\u00e4 Kirja<\/a><\/strong><\/span><\/p><p><span style=\"color: #008000;\"><a style=\"color: #008000;\" href=\"http:\/\/www.akilles.fi\/friidrott\/nya-akillesrekord-arsvis-uudet-ennatykset-vuosittain\">Nya\u00a0 Akillesrekord \u2013<strong> 2025 <\/strong>\u2013 Uudet seuraenn\u00e4tykset<\/a><\/span><\/p><p><a href=\"https:\/\/sfi.idrott.fi\/Site\/Data\/693\/Files\/Regela%CC%88ndringar%20fom%201_1_2018%20-%20sammandrag(1).pdf\" target=\"_blank\" rel=\"noopener\">De viktigaste internationella regel\u00e4ndringarna<\/a> som g\u00e4ller fr.o.m. 2018<br \/><a href=\"http:\/\/www.yleisurheilu.fi\/sites\/default\/files\/saantomuutokset_1.1.2018_lahtien_-_kooste_0.pdf\">T\u00e4rkeimm\u00e4t kansainv\u00e4liset s\u00e4\u00e4nt\u00f6muutokset<\/a> 1.1.2018 alkaen<\/p>\t\t\t\t\t\t\t\t<\/div>\n\t\t\t\t<\/div>\n\t\t\t\t\t<\/div>\n\t\t<\/div>\n\t\t\t\t<div class=\"elementor-column elementor-col-33 elementor-top-column elementor-element elementor-element-e17edc4\" data-id=\"e17edc4\" data-element_type=\"column\">\n\t\t\t<div class=\"elementor-widget-wrap elementor-element-populated\">\n\t\t\t\t\t\t<div class=\"elementor-element elementor-element-5bbf41c elementor-widget elementor-widget-text-editor\" data-id=\"5bbf41c\" data-element_type=\"widget\" data-widget_type=\"text-editor.default\">\n\t\t\t\t<div class=\"elementor-widget-container\">\n\t\t\t\t\t\t\t\t\t<h4>Nyhetsbloggen &#8211; Uutisblogi<\/h4>\t\t\t\t\t\t\t\t<\/div>\n\t\t\t\t<\/div>\n\t\t\t\t<div class=\"elementor-element elementor-element-d6a4ac0 elementor-grid-1 elementor-posts--thumbnail-left elementor-grid-tablet-1 elementor-posts--align-left elementor-grid-mobile-1 elementor-widget elementor-widget-posts\" data-id=\"d6a4ac0\" data-element_type=\"widget\" data-settings=\"{&quot;classic_columns&quot;:&quot;1&quot;,&quot;classic_row_gap&quot;:{&quot;unit&quot;:&quot;px&quot;,&quot;size&quot;:&quot;11&quot;,&quot;sizes&quot;:[]},&quot;pagination_type&quot;:&quot;numbers&quot;,&quot;classic_columns_tablet&quot;:&quot;1&quot;,&quot;classic_columns_mobile&quot;:&quot;1&quot;,&quot;classic_row_gap_tablet&quot;:{&quot;unit&quot;:&quot;px&quot;,&quot;size&quot;:&quot;&quot;,&quot;sizes&quot;:[]},&quot;classic_row_gap_mobile&quot;:{&quot;unit&quot;:&quot;px&quot;,&quot;size&quot;:&quot;&quot;,&quot;sizes&quot;:[]}}\" data-widget_type=\"posts.classic\">\n\t\t\t\t<div class=\"elementor-widget-container\">\n\t\t\t\t\t\t\t<div class=\"elementor-posts-container elementor-posts elementor-posts--skin-classic elementor-grid\" role=\"list\">\n\t\t\t\t<article class=\"elementor-post elementor-grid-item post-29657 post type-post status-publish format-standard has-post-thumbnail hentry category-uncategorized\" role=\"listitem\">\n\t\t\t\t<a class=\"elementor-post__thumbnail__link\" href=\"https:\/\/www.akilles.fi\/friidrott\/2026\/03\/03\/william-bronsmedaljor-i-hall-fm\/\" tabindex=\"-1\" >\n\t\t\t<div class=\"elementor-post__thumbnail\"><img decoding=\"async\" width=\"150\" height=\"150\" src=\"https:\/\/www.akilles.fi\/friidrott\/wp-content\/uploads\/sites\/20\/2026\/03\/WilliamThor1-150x150.jpg\" class=\"attachment-thumbnail size-thumbnail wp-image-29655\" alt=\"\" \/><\/div>\n\t\t<\/a>\n\t\t\t\t<div class=\"elementor-post__text\">\n\t\t\t\t<div class=\"elementor-post__title\">\n\t\t\t<a href=\"https:\/\/www.akilles.fi\/friidrott\/2026\/03\/03\/william-bronsmedaljor-i-hall-fm\/\" >\n\t\t\t\tWilliam bronsmedalj\u00f6r i hall-FM\t\t\t<\/a>\n\t\t<\/div>\n\t\t\t\t<div class=\"elementor-post__meta-data\">\n\t\t\t\t\t<span class=\"elementor-post-author\">\n\t\t\tLeif Rikberg\t\t<\/span>\n\t\t\t\t<span class=\"elementor-post-date\">\n\t\t\tmars 3, 2026\t\t<\/span>\n\t\t\t\t<\/div>\n\t\t\t\t<div class=\"elementor-post__excerpt\">\n\t\t\t<p>William Thor vann FM-brons p\u00e5 60 meter i seniorernas inomhus-FM i Kameleonten i Esbo under veckoslutet. Det var tredje g\u00e5ngen William knep FM-brons p\u00e5 herrarnas<\/p>\n\t\t<\/div>\n\t\t\n\t\t<a class=\"elementor-post__read-more\" href=\"https:\/\/www.akilles.fi\/friidrott\/2026\/03\/03\/william-bronsmedaljor-i-hall-fm\/\" aria-label=\"L\u00e4s mer om William bronsmedalj\u00f6r i hall-FM\" tabindex=\"-1\" >\n\t\t\tL\u00e4s mer - Lue lis\u00e4\u00e4 \u00bb\t\t<\/a>\n\n\t\t\t\t<\/div>\n\t\t\t\t<\/article>\n\t\t\t\t<article class=\"elementor-post elementor-grid-item post-29530 post type-post status-publish format-standard has-post-thumbnail hentry category-uncategorized\" role=\"listitem\">\n\t\t\t\t<a class=\"elementor-post__thumbnail__link\" href=\"https:\/\/www.akilles.fi\/friidrott\/2026\/02\/23\/thomas-tog-brons-i-hall-fm\/\" tabindex=\"-1\" >\n\t\t\t<div class=\"elementor-post__thumbnail\"><img decoding=\"async\" width=\"150\" height=\"150\" src=\"https:\/\/www.akilles.fi\/friidrott\/wp-content\/uploads\/sites\/20\/2026\/02\/ThomasIsaksson1-150x150.jpg\" class=\"attachment-thumbnail size-thumbnail wp-image-29528\" alt=\"\" \/><\/div>\n\t\t<\/a>\n\t\t\t\t<div class=\"elementor-post__text\">\n\t\t\t\t<div class=\"elementor-post__title\">\n\t\t\t<a href=\"https:\/\/www.akilles.fi\/friidrott\/2026\/02\/23\/thomas-tog-brons-i-hall-fm\/\" >\n\t\t\t\tThomas tog brons i hall-FM\t\t\t<\/a>\n\t\t<\/div>\n\t\t\t\t<div class=\"elementor-post__meta-data\">\n\t\t\t\t\t<span class=\"elementor-post-author\">\n\t\t\tLeif Rikberg\t\t<\/span>\n\t\t\t\t<span class=\"elementor-post-date\">\n\t\t\tfebruari 23, 2026\t\t<\/span>\n\t\t\t\t<\/div>\n\t\t\t\t<div class=\"elementor-post__excerpt\">\n\t\t\t<p>Thomas Isaksson tog FM-brons i l\u00e4ngdt\u00e4vlingen f\u00f6r H22 n\u00e4r ungdomarnas inomhus-FM avgjordes i Botniahallen i Korsholm under veckoslutet. Thomas bronsresultat skrevs 6,55 meter, vilket \u00e4r<\/p>\n\t\t<\/div>\n\t\t\n\t\t<a class=\"elementor-post__read-more\" href=\"https:\/\/www.akilles.fi\/friidrott\/2026\/02\/23\/thomas-tog-brons-i-hall-fm\/\" aria-label=\"L\u00e4s mer om Thomas tog brons i hall-FM\" tabindex=\"-1\" >\n\t\t\tL\u00e4s mer - Lue lis\u00e4\u00e4 \u00bb\t\t<\/a>\n\n\t\t\t\t<\/div>\n\t\t\t\t<\/article>\n\t\t\t\t<article class=\"elementor-post elementor-grid-item post-29395 post type-post status-publish format-standard has-post-thumbnail hentry category-uncategorized\" role=\"listitem\">\n\t\t\t\t<a class=\"elementor-post__thumbnail__link\" href=\"https:\/\/www.akilles.fi\/friidrott\/2026\/02\/02\/viktor-nm-sexa-pa-60-meter\/\" tabindex=\"-1\" >\n\t\t\t<div class=\"elementor-post__thumbnail\"><img decoding=\"async\" width=\"150\" height=\"150\" src=\"https:\/\/www.akilles.fi\/friidrott\/wp-content\/uploads\/sites\/20\/2026\/02\/ViktorThor1-150x150.jpg\" class=\"attachment-thumbnail size-thumbnail wp-image-29394\" alt=\"\" \/><\/div>\n\t\t<\/a>\n\t\t\t\t<div class=\"elementor-post__text\">\n\t\t\t\t<div class=\"elementor-post__title\">\n\t\t\t<a href=\"https:\/\/www.akilles.fi\/friidrott\/2026\/02\/02\/viktor-nm-sexa-pa-60-meter\/\" >\n\t\t\t\tViktor NM-sexa p\u00e5 60 meter\t\t\t<\/a>\n\t\t<\/div>\n\t\t\t\t<div class=\"elementor-post__meta-data\">\n\t\t\t\t\t<span class=\"elementor-post-author\">\n\t\t\tLeif Rikberg\t\t<\/span>\n\t\t\t\t<span class=\"elementor-post-date\">\n\t\t\tfebruari 2, 2026\t\t<\/span>\n\t\t\t\t<\/div>\n\t\t\t\t<div class=\"elementor-post__excerpt\">\n\t\t\t<p>Viktor Thor slutade p\u00e5 en sj\u00e4tte plats p\u00e5 60 meter i de nordiska inomhusm\u00e4sterskapen i Karlstad p\u00e5 s\u00f6ndagen. Viktor klockades f\u00f6r tiden 6,83. Tillika med<\/p>\n\t\t<\/div>\n\t\t\n\t\t<a class=\"elementor-post__read-more\" href=\"https:\/\/www.akilles.fi\/friidrott\/2026\/02\/02\/viktor-nm-sexa-pa-60-meter\/\" aria-label=\"L\u00e4s mer om Viktor NM-sexa p\u00e5 60 meter\" tabindex=\"-1\" >\n\t\t\tL\u00e4s mer - Lue lis\u00e4\u00e4 \u00bb\t\t<\/a>\n\n\t\t\t\t<\/div>\n\t\t\t\t<\/article>\n\t\t\t\t<article class=\"elementor-post elementor-grid-item post-29380 post type-post status-publish format-standard has-post-thumbnail hentry category-uncategorized\" role=\"listitem\">\n\t\t\t\t<a class=\"elementor-post__thumbnail__link\" href=\"https:\/\/www.akilles.fi\/friidrott\/2026\/01\/26\/thomas-tog-fm-brons-i-mangkamp\/\" tabindex=\"-1\" >\n\t\t\t<div class=\"elementor-post__thumbnail\"><img loading=\"lazy\" decoding=\"async\" width=\"150\" height=\"150\" src=\"https:\/\/www.akilles.fi\/friidrott\/wp-content\/uploads\/sites\/20\/2026\/01\/ThomasIsaksson-150x150.jpg\" class=\"attachment-thumbnail size-thumbnail wp-image-29379\" alt=\"\" \/><\/div>\n\t\t<\/a>\n\t\t\t\t<div class=\"elementor-post__text\">\n\t\t\t\t<div class=\"elementor-post__title\">\n\t\t\t<a href=\"https:\/\/www.akilles.fi\/friidrott\/2026\/01\/26\/thomas-tog-fm-brons-i-mangkamp\/\" >\n\t\t\t\tThomas tog FM-brons i m\u00e5ngkamp\t\t\t<\/a>\n\t\t<\/div>\n\t\t\t\t<div class=\"elementor-post__meta-data\">\n\t\t\t\t\t<span class=\"elementor-post-author\">\n\t\t\tLeif Rikberg\t\t<\/span>\n\t\t\t\t<span class=\"elementor-post-date\">\n\t\t\tjanuari 26, 2026\t\t<\/span>\n\t\t\t\t<\/div>\n\t\t\t\t<div class=\"elementor-post__excerpt\">\n\t\t\t<p>Thomas Isaksson bel\u00f6nades med FM-brons n\u00e4r juniorernas hall-FM i m\u00e5ngkamp avgjordes i Tammerfors under veckoslutet.Thomas samlade ihop 4481 po\u00e4ng, vilka ber\u00e4ttigade till en tredje plats<\/p>\n\t\t<\/div>\n\t\t\n\t\t<a class=\"elementor-post__read-more\" href=\"https:\/\/www.akilles.fi\/friidrott\/2026\/01\/26\/thomas-tog-fm-brons-i-mangkamp\/\" aria-label=\"L\u00e4s mer om Thomas tog FM-brons i m\u00e5ngkamp\" tabindex=\"-1\" >\n\t\t\tL\u00e4s mer - Lue lis\u00e4\u00e4 \u00bb\t\t<\/a>\n\n\t\t\t\t<\/div>\n\t\t\t\t<\/article>\n\t\t\t\t<article class=\"elementor-post elementor-grid-item post-28652 post type-post status-publish format-standard has-post-thumbnail hentry category-uncategorized\" role=\"listitem\">\n\t\t\t\t<a class=\"elementor-post__thumbnail__link\" href=\"https:\/\/www.akilles.fi\/friidrott\/2025\/10\/13\/oscar-24e-i-terrang-fm\/\" tabindex=\"-1\" >\n\t\t\t<div class=\"elementor-post__thumbnail\"><img loading=\"lazy\" decoding=\"async\" width=\"150\" height=\"150\" src=\"https:\/\/www.akilles.fi\/friidrott\/wp-content\/uploads\/sites\/20\/2025\/10\/OscarNyholm8-150x150.jpg\" class=\"attachment-thumbnail size-thumbnail wp-image-28651\" alt=\"\" \/><\/div>\n\t\t<\/a>\n\t\t\t\t<div class=\"elementor-post__text\">\n\t\t\t\t<div class=\"elementor-post__title\">\n\t\t\t<a href=\"https:\/\/www.akilles.fi\/friidrott\/2025\/10\/13\/oscar-24e-i-terrang-fm\/\" >\n\t\t\t\tOscar 24:e i terr\u00e4ng-FM\t\t\t<\/a>\n\t\t<\/div>\n\t\t\t\t<div class=\"elementor-post__meta-data\">\n\t\t\t\t\t<span class=\"elementor-post-author\">\n\t\t\tLeif Rikberg\t\t<\/span>\n\t\t\t\t<span class=\"elementor-post-date\">\n\t\t\toktober 13, 2025\t\t<\/span>\n\t\t\t\t<\/div>\n\t\t\t\t<div class=\"elementor-post__excerpt\">\n\t\t\t<p>Oscar Nyholm slutade p\u00e5 24:e plats p\u00e5 herrarnas 4 kilometer i terr\u00e4ng-FM i V\u00f6r\u00e5 p\u00e5 l\u00f6rdagen. Oscar klockades f\u00f6r tiden 12.40.<\/p>\n\t\t<\/div>\n\t\t\n\t\t<a class=\"elementor-post__read-more\" href=\"https:\/\/www.akilles.fi\/friidrott\/2025\/10\/13\/oscar-24e-i-terrang-fm\/\" aria-label=\"L\u00e4s mer om Oscar 24:e i terr\u00e4ng-FM\" tabindex=\"-1\" >\n\t\t\tL\u00e4s mer - Lue lis\u00e4\u00e4 \u00bb\t\t<\/a>\n\n\t\t\t\t<\/div>\n\t\t\t\t<\/article>\n\t\t\t\t<\/div>\n\t\t\n\t\t\t\t<div class=\"e-load-more-anchor\" data-page=\"1\" data-max-page=\"22\" data-next-page=\"https:\/\/www.akilles.fi\/friidrott\/wp-json\/wp\/v2\/pages\/80\/page\/2\/\"><\/div>\n\t\t\t\t<nav class=\"elementor-pagination\" aria-label=\"Sidonumrering\">\n\t\t\t<span aria-current=\"page\" class=\"page-numbers current\"><span class=\"elementor-screen-only\">Sida<\/span>1<\/span>\n<a class=\"page-numbers\" href=\"https:\/\/www.akilles.fi\/friidrott\/wp-json\/wp\/v2\/pages\/80\/page\/2\/\"><span class=\"elementor-screen-only\">Sida<\/span>2<\/a>\n<a class=\"page-numbers\" href=\"https:\/\/www.akilles.fi\/friidrott\/wp-json\/wp\/v2\/pages\/80\/page\/3\/\"><span class=\"elementor-screen-only\">Sida<\/span>3<\/a>\n<a class=\"page-numbers\" href=\"https:\/\/www.akilles.fi\/friidrott\/wp-json\/wp\/v2\/pages\/80\/page\/4\/\"><span class=\"elementor-screen-only\">Sida<\/span>4<\/a>\n<a class=\"page-numbers\" href=\"https:\/\/www.akilles.fi\/friidrott\/wp-json\/wp\/v2\/pages\/80\/page\/5\/\"><span class=\"elementor-screen-only\">Sida<\/span>5<\/a>\t\t<\/nav>\n\t\t\t\t\t\t<\/div>\n\t\t\t\t<\/div>\n\t\t\t\t\t<\/div>\n\t\t<\/div>\n\t\t\t\t<div class=\"elementor-column elementor-col-33 elementor-top-column elementor-element elementor-element-f91c7e2\" data-id=\"f91c7e2\" data-element_type=\"column\">\n\t\t\t<div class=\"elementor-widget-wrap elementor-element-populated\">\n\t\t\t\t\t\t<div class=\"elementor-element elementor-element-9abe882 elementor-widget elementor-widget-image\" data-id=\"9abe882\" data-element_type=\"widget\" data-widget_type=\"image.default\">\n\t\t\t\t<div class=\"elementor-widget-container\">\n\t\t\t\t\t\t\t\t\t\t\t\t\t\t\t\t<a href=\"https:\/\/www.akilles.fi\/friidrott\/summer-camp\/\">\n\t\t\t\t\t\t\t<img loading=\"lazy\" decoding=\"async\" width=\"300\" height=\"157\" src=\"https:\/\/www.akilles.fi\/friidrott\/wp-content\/uploads\/sites\/20\/2026\/03\/summercampsvefin2026banner-300x157.jpg\" class=\"attachment-medium size-medium wp-image-29770\" alt=\"\" srcset=\"https:\/\/www.akilles.fi\/friidrott\/wp-content\/uploads\/sites\/20\/2026\/03\/summercampsvefin2026banner-300x157.jpg 300w, https:\/\/www.akilles.fi\/friidrott\/wp-content\/uploads\/sites\/20\/2026\/03\/summercampsvefin2026banner.jpg 383w\" sizes=\"(max-width: 300px) 100vw, 300px\" \/>\t\t\t\t\t\t\t\t<\/a>\n\t\t\t\t\t\t\t\t\t\t\t\t\t\t\t<\/div>\n\t\t\t\t<\/div>\n\t\t\t\t<div class=\"elementor-element elementor-element-754de33 elementor-widget elementor-widget-image\" data-id=\"754de33\" data-element_type=\"widget\" data-widget_type=\"image.default\">\n\t\t\t\t<div class=\"elementor-widget-container\">\n\t\t\t\t\t\t\t\t\t\t\t\t\t\t\t<img loading=\"lazy\" decoding=\"async\" width=\"773\" height=\"1024\" src=\"https:\/\/www.akilles.fi\/friidrott\/wp-content\/uploads\/sites\/20\/2024\/12\/A120_Parmensid1-773x1024.jpg\" class=\"attachment-large size-large wp-image-25939\" alt=\"\" srcset=\"https:\/\/www.akilles.fi\/friidrott\/wp-content\/uploads\/sites\/20\/2024\/12\/A120_Parmensid1-773x1024.jpg 773w, https:\/\/www.akilles.fi\/friidrott\/wp-content\/uploads\/sites\/20\/2024\/12\/A120_Parmensid1-226x300.jpg 226w, https:\/\/www.akilles.fi\/friidrott\/wp-content\/uploads\/sites\/20\/2024\/12\/A120_Parmensid1-768x1018.jpg 768w, https:\/\/www.akilles.fi\/friidrott\/wp-content\/uploads\/sites\/20\/2024\/12\/A120_Parmensid1-1159x1536.jpg 1159w, https:\/\/www.akilles.fi\/friidrott\/wp-content\/uploads\/sites\/20\/2024\/12\/A120_Parmensid1-1545x2048.jpg 1545w, https:\/\/www.akilles.fi\/friidrott\/wp-content\/uploads\/sites\/20\/2024\/12\/A120_Parmensid1-scaled.jpg 1931w\" sizes=\"(max-width: 773px) 100vw, 773px\" \/>\t\t\t\t\t\t\t\t\t\t\t\t\t\t\t<\/div>\n\t\t\t\t<\/div>\n\t\t\t\t<div class=\"elementor-element elementor-element-61bb62f elementor-widget elementor-widget-text-editor\" data-id=\"61bb62f\" data-element_type=\"widget\" data-widget_type=\"text-editor.default\">\n\t\t\t\t<div class=\"elementor-widget-container\">\n\t\t\t\t\t\t\t\t\t<h4>Akilles historik 1993-2022, nu till salu 30\u20ac. Kontakta Leif Rikberg, leif.rikberg@akilles.fi, 040-1833008<\/h4><h4>Akilleen historiikki 1993-2022, nyt myynniss\u00e4, hinta 30\u20ac. Ota yhteytt\u00e4 Leif Rikberg, leif.rikberg@akilles.fi, 040-1833008<\/h4>\t\t\t\t\t\t\t\t<\/div>\n\t\t\t\t<\/div>\n\t\t\t\t<div class=\"elementor-element elementor-element-9cc8954 elementor-widget elementor-widget-text-editor\" data-id=\"9cc8954\" data-element_type=\"widget\" data-widget_type=\"text-editor.default\">\n\t\t\t\t<div class=\"elementor-widget-container\">\n\t\t\t\t\t\t\t\t\t<h4><strong><a href=\"https:\/\/www.akilles.fi\/friidrott\/topgames-sprint\/\">Topgames Sprint<\/a> 2025<\/strong><br \/>livestream <a href=\"https:\/\/www.streamers.fi\/topgamessprint\/\" target=\"_blank\" rel=\"noopener\">https:\/\/www.streamers.fi\/topgamessprint\/<\/a><\/h4>\t\t\t\t\t\t\t\t<\/div>\n\t\t\t\t<\/div>\n\t\t\t\t<div class=\"elementor-element elementor-element-ea806c7 elementor-widget elementor-widget-text-editor\" data-id=\"ea806c7\" data-element_type=\"widget\" data-widget_type=\"text-editor.default\">\n\t\t\t\t<div class=\"elementor-widget-container\">\n\t\t\t\t\t\t\t\t\t<h4><strong><span style=\"color: #ff0000\">TOPGAMES Sprint 2024 Live stream<\/span>: <span lang=\"FI\"><a href=\"http:\/\/www.streamers.fi\/topgamessprint\/\" target=\"_blank\" rel=\"noopener\" data-saferedirecturl=\"https:\/\/www.google.com\/url?q=http:\/\/www.streamers.fi\/topgamessprint\/&amp;source=gmail&amp;ust=1691574120529000&amp;usg=AOvVaw0EDP4Ed4bvMPrY_4GjOSSf\"><span lang=\"EN-US\">www.streamers.fi\/topgamessprint\/<\/span><\/a><\/span><\/strong><\/h4><h4><a href=\"https:\/\/www.youtube.com\/watch?v=oOFsqGQ6B4E\" target=\"_blank\" rel=\"noopener\"><span style=\"color: #0000ff\">Top Games Sprint 2022 STREAM<\/span><\/a><span style=\"color: #0000ff\">!<\/span><\/h4><h4><a href=\"https:\/\/www.youtube.com\/watch?v=b6JXpbEaR-s\"><span style=\"color: #ff0000\">Top Games Sprint 2021 STREAM!<\/span><\/a><\/h4>\t\t\t\t\t\t\t\t<\/div>\n\t\t\t\t<\/div>\n\t\t\t\t<div class=\"elementor-element elementor-element-90e61cc elementor-widget elementor-widget-text-editor\" data-id=\"90e61cc\" data-element_type=\"widget\" data-widget_type=\"text-editor.default\">\n\t\t\t\t<div class=\"elementor-widget-container\">\n\t\t\t\t\t\t\t\t\t<h4><span style=\"color: #ff0000\"><a style=\"color: #ff0000\" href=\"https:\/\/flic.kr\/s\/aHsmPoHNum\">TOPGAMES 2020 Niklas Montonen Foton<\/a><\/span><\/h4>\t\t\t\t\t\t\t\t<\/div>\n\t\t\t\t<\/div>\n\t\t\t\t<div class=\"elementor-element elementor-element-57a7384 elementor-widget elementor-widget-text-editor\" data-id=\"57a7384\" data-element_type=\"widget\" data-widget_type=\"text-editor.default\">\n\t\t\t\t<div class=\"elementor-widget-container\">\n\t\t\t\t\t\t\t\t\t<p style=\"text-align: center\"><img loading=\"lazy\" decoding=\"async\" class=\"size-full wp-image-1117 aligncenter\" src=\"http:\/\/www.akilles.fi\/friidrott\/wp-content\/uploads\/sites\/20\/2019\/01\/webshop_banneri_borga-akilles.jpg\" alt=\"\" width=\"198\" height=\"200\" \/><br \/><a href=\"https:\/\/www.aktia.fi\/\" target=\"_blank\" rel=\"noopener\"><img loading=\"lazy\" decoding=\"async\" class=\" wp-image-1638 aligncenter\" src=\"http:\/\/www.akilles.fi\/friidrott\/wp-content\/uploads\/sites\/20\/2019\/03\/Aktiagr\u00f6n.jpg\" alt=\"\" width=\"194\" height=\"71\" \/><\/a><br \/><a href=\"https:\/\/pbe.fi\/sv\/\" target=\"_blank\" rel=\"noopener\"><img loading=\"lazy\" decoding=\"async\" class=\"alignnone wp-image-7667\" src=\"http:\/\/www.akilles.fi\/friidrott\/wp-content\/uploads\/sites\/20\/2021\/07\/Porvoon-Energia-logo-300x73.png\" alt=\"\" width=\"419\" height=\"102\" srcset=\"https:\/\/www.akilles.fi\/friidrott\/wp-content\/uploads\/sites\/20\/2021\/07\/Porvoon-Energia-logo-300x73.png 300w, https:\/\/www.akilles.fi\/friidrott\/wp-content\/uploads\/sites\/20\/2021\/07\/Porvoon-Energia-logo.png 351w\" sizes=\"(max-width: 419px) 100vw, 419px\" \/><\/a><a href=\"https:\/\/vbo.fi\/\" target=\"_blank\" rel=\"noopener\"><img loading=\"lazy\" decoding=\"async\" class=\" wp-image-11913 aligncenter\" src=\"http:\/\/www.akilles.fi\/friidrott\/wp-content\/uploads\/sites\/20\/2022\/05\/S_VBO_RGB-300x141.png\" alt=\"\" width=\"234\" height=\"110\" srcset=\"https:\/\/www.akilles.fi\/friidrott\/wp-content\/uploads\/sites\/20\/2022\/05\/S_VBO_RGB-300x141.png 300w, https:\/\/www.akilles.fi\/friidrott\/wp-content\/uploads\/sites\/20\/2022\/05\/S_VBO_RGB-768x361.png 768w, https:\/\/www.akilles.fi\/friidrott\/wp-content\/uploads\/sites\/20\/2022\/05\/S_VBO_RGB.png 1005w\" sizes=\"(max-width: 234px) 100vw, 234px\" \/><\/a><img loading=\"lazy\" decoding=\"async\" class=\" wp-image-17730 aligncenter\" src=\"http:\/\/www.akilles.fi\/friidrott\/wp-content\/uploads\/sites\/20\/2023\/04\/bmr-logo-gron-2022-300x298.jpg\" alt=\"\" width=\"176\" height=\"175\" srcset=\"https:\/\/www.akilles.fi\/friidrott\/wp-content\/uploads\/sites\/20\/2023\/04\/bmr-logo-gron-2022-300x298.jpg 300w, https:\/\/www.akilles.fi\/friidrott\/wp-content\/uploads\/sites\/20\/2023\/04\/bmr-logo-gron-2022-150x150.jpg 150w, https:\/\/www.akilles.fi\/friidrott\/wp-content\/uploads\/sites\/20\/2023\/04\/bmr-logo-gron-2022-768x764.jpg 768w, https:\/\/www.akilles.fi\/friidrott\/wp-content\/uploads\/sites\/20\/2023\/04\/bmr-logo-gron-2022.jpg 925w\" sizes=\"(max-width: 176px) 100vw, 176px\" \/><br \/><img loading=\"lazy\" decoding=\"async\" class=\"alignnone wp-image-4719\" src=\"http:\/\/www.akilles.fi\/friidrott\/wp-content\/uploads\/sites\/20\/2020\/07\/bodytonic-300x112.jpeg\" alt=\"\" width=\"238\" height=\"89\" srcset=\"https:\/\/www.akilles.fi\/friidrott\/wp-content\/uploads\/sites\/20\/2020\/07\/bodytonic-300x112.jpeg 300w, https:\/\/www.akilles.fi\/friidrott\/wp-content\/uploads\/sites\/20\/2020\/07\/bodytonic.jpeg 574w\" sizes=\"(max-width: 238px) 100vw, 238px\" \/><\/p>\t\t\t\t\t\t\t\t<\/div>\n\t\t\t\t<\/div>\n\t\t\t\t\t<\/div>\n\t\t<\/div>\n\t\t\t\t\t<\/div>\n\t\t<\/section>\n\t\t\t\t<section class=\"elementor-section elementor-top-section elementor-element elementor-element-d07a470 elementor-section-boxed elementor-section-height-default elementor-section-height-default\" data-id=\"d07a470\" data-element_type=\"section\">\n\t\t\t\t\t\t<div class=\"elementor-container elementor-column-gap-default\">\n\t\t\t\t\t<div class=\"elementor-column elementor-col-100 elementor-top-column elementor-element elementor-element-7fa85fe\" data-id=\"7fa85fe\" data-element_type=\"column\">\n\t\t\t<div class=\"elementor-widget-wrap\">\n\t\t\t\t\t\t\t<\/div>\n\t\t<\/div>\n\t\t\t\t\t<\/div>\n\t\t<\/section>\n\t\t\t\t<\/div>\n\t\t","protected":false},"excerpt":{"rendered":"<p>Aktuellt \u2013 Ajankohtaista VBO Summer Camp-anm\u00e4lningen \u00f6ppnas 1.4VBO Summer Camp ilmoittautuminen avataan 1.4 Tr\u00e4na friidrott med Akilles! Vinterns tr\u00e4ningar har b\u00f6rjat. Tr\u00e4ningsturerna finns under fliken Tr\u00e4ning. Nya medlemmar kan anm\u00e4la sig under tr\u00e4ningarna, eller genom att fylla i sina uppgifter p\u00e5 MyClub: https:\/\/akilles.myclub.fi\/login Tervetuloa yleisurheilemaan! Talven harjoitukset ovat alkaneet. Harjoitusvuorot l\u00f6ytyv\u00e4t v\u00e4lilehdelt\u00e4 Harjoitukset. Uudet j\u00e4senet [&hellip;]<\/p>\n","protected":false},"author":4,"featured_media":0,"parent":0,"menu_order":0,"comment_status":"closed","ping_status":"closed","template":"","meta":{"_crdt_document":"","footnotes":""},"class_list":["post-80","page","type-page","status-publish","hentry"],"yoast_head":"<!-- This site is optimized with the Yoast SEO plugin v27.4 - https:\/\/yoast.com\/product\/yoast-seo-wordpress\/ -->\n<title>Aktuellt - Ajankohtaista - Friidrott - Yleisurheilu<\/title>\n<meta name=\"robots\" content=\"index, follow, max-snippet:-1, max-image-preview:large, max-video-preview:-1\" \/>\n<link rel=\"canonical\" href=\"https:\/\/www.akilles.fi\/friidrott\/\" \/>\n<meta property=\"og:locale\" content=\"sv_SE\" \/>\n<meta property=\"og:type\" content=\"article\" \/>\n<meta property=\"og:title\" content=\"Aktuellt - Ajankohtaista - Friidrott - Yleisurheilu\" \/>\n<meta property=\"og:description\" content=\"Aktuellt \u2013 Ajankohtaista VBO Summer Camp-anm\u00e4lningen \u00f6ppnas 1.4VBO Summer Camp ilmoittautuminen avataan 1.4 Tr\u00e4na friidrott med Akilles! Vinterns tr\u00e4ningar har b\u00f6rjat. Tr\u00e4ningsturerna finns under fliken Tr\u00e4ning. Nya medlemmar kan anm\u00e4la sig under tr\u00e4ningarna, eller genom att fylla i sina uppgifter p\u00e5 MyClub: https:\/\/akilles.myclub.fi\/login Tervetuloa yleisurheilemaan! Talven harjoitukset ovat alkaneet. Harjoitusvuorot l\u00f6ytyv\u00e4t v\u00e4lilehdelt\u00e4 Harjoitukset. Uudet j\u00e4senet [&hellip;]\" \/>\n<meta property=\"og:url\" content=\"https:\/\/www.akilles.fi\/friidrott\/\" \/>\n<meta property=\"og:site_name\" content=\"Friidrott - Yleisurheilu\" \/>\n<meta property=\"article:modified_time\" content=\"2026-04-17T15:06:04+00:00\" \/>\n<meta property=\"og:image\" content=\"http:\/\/www.akilles.fi\/friidrott\/wp-content\/uploads\/sites\/20\/2026\/03\/summercampsvefin2026banner-300x157.jpg\" \/>\n<meta name=\"twitter:card\" content=\"summary_large_image\" \/>\n<meta name=\"twitter:label1\" content=\"Ber\u00e4knad l\u00e4stid\" \/>\n\t<meta name=\"twitter:data1\" content=\"7 minuter\" \/>\n<script type=\"application\/ld+json\" class=\"yoast-schema-graph\">{\"@context\":\"https:\\\/\\\/schema.org\",\"@graph\":[{\"@type\":\"WebPage\",\"@id\":\"https:\\\/\\\/www.akilles.fi\\\/friidrott\\\/\",\"url\":\"https:\\\/\\\/www.akilles.fi\\\/friidrott\\\/\",\"name\":\"Aktuellt - Ajankohtaista - Friidrott - Yleisurheilu\",\"isPartOf\":{\"@id\":\"https:\\\/\\\/www.akilles.fi\\\/friidrott\\\/#website\"},\"primaryImageOfPage\":{\"@id\":\"https:\\\/\\\/www.akilles.fi\\\/friidrott\\\/#primaryimage\"},\"image\":{\"@id\":\"https:\\\/\\\/www.akilles.fi\\\/friidrott\\\/#primaryimage\"},\"thumbnailUrl\":\"http:\\\/\\\/www.akilles.fi\\\/friidrott\\\/wp-content\\\/uploads\\\/sites\\\/20\\\/2026\\\/03\\\/summercampsvefin2026banner-300x157.jpg\",\"datePublished\":\"2019-01-07T15:30:15+00:00\",\"dateModified\":\"2026-04-17T15:06:04+00:00\",\"breadcrumb\":{\"@id\":\"https:\\\/\\\/www.akilles.fi\\\/friidrott\\\/#breadcrumb\"},\"inLanguage\":\"sv-SE\",\"potentialAction\":[{\"@type\":\"ReadAction\",\"target\":[\"https:\\\/\\\/www.akilles.fi\\\/friidrott\\\/\"]}]},{\"@type\":\"ImageObject\",\"inLanguage\":\"sv-SE\",\"@id\":\"https:\\\/\\\/www.akilles.fi\\\/friidrott\\\/#primaryimage\",\"url\":\"https:\\\/\\\/www.akilles.fi\\\/friidrott\\\/wp-content\\\/uploads\\\/sites\\\/20\\\/2026\\\/03\\\/summercampsvefin2026banner.jpg\",\"contentUrl\":\"https:\\\/\\\/www.akilles.fi\\\/friidrott\\\/wp-content\\\/uploads\\\/sites\\\/20\\\/2026\\\/03\\\/summercampsvefin2026banner.jpg\",\"width\":383,\"height\":200},{\"@type\":\"BreadcrumbList\",\"@id\":\"https:\\\/\\\/www.akilles.fi\\\/friidrott\\\/#breadcrumb\",\"itemListElement\":[{\"@type\":\"ListItem\",\"position\":1,\"name\":\"Home\",\"item\":\"https:\\\/\\\/www.akilles.fi\\\/friidrott\\\/\"},{\"@type\":\"ListItem\",\"position\":2,\"name\":\"Aktuellt &#8211; Ajankohtaista\"}]},{\"@type\":\"WebSite\",\"@id\":\"https:\\\/\\\/www.akilles.fi\\\/friidrott\\\/#website\",\"url\":\"https:\\\/\\\/www.akilles.fi\\\/friidrott\\\/\",\"name\":\"Friidrott - Yleisurheilu\",\"description\":\"Borg\u00e5 Akilles Friidrott- Porvoon Akilles Yleisurheilu\",\"potentialAction\":[{\"@type\":\"SearchAction\",\"target\":{\"@type\":\"EntryPoint\",\"urlTemplate\":\"https:\\\/\\\/www.akilles.fi\\\/friidrott\\\/?s={search_term_string}\"},\"query-input\":{\"@type\":\"PropertyValueSpecification\",\"valueRequired\":true,\"valueName\":\"search_term_string\"}}],\"inLanguage\":\"sv-SE\"}]}<\/script>\n<!-- \/ Yoast SEO plugin. -->","yoast_head_json":{"title":"Aktuellt - Ajankohtaista - Friidrott - Yleisurheilu","robots":{"index":"index","follow":"follow","max-snippet":"max-snippet:-1","max-image-preview":"max-image-preview:large","max-video-preview":"max-video-preview:-1"},"canonical":"https:\/\/www.akilles.fi\/friidrott\/","og_locale":"sv_SE","og_type":"article","og_title":"Aktuellt - Ajankohtaista - Friidrott - Yleisurheilu","og_description":"Aktuellt \u2013 Ajankohtaista VBO Summer Camp-anm\u00e4lningen \u00f6ppnas 1.4VBO Summer Camp ilmoittautuminen avataan 1.4 Tr\u00e4na friidrott med Akilles! Vinterns tr\u00e4ningar har b\u00f6rjat. Tr\u00e4ningsturerna finns under fliken Tr\u00e4ning. Nya medlemmar kan anm\u00e4la sig under tr\u00e4ningarna, eller genom att fylla i sina uppgifter p\u00e5 MyClub: https:\/\/akilles.myclub.fi\/login Tervetuloa yleisurheilemaan! Talven harjoitukset ovat alkaneet. Harjoitusvuorot l\u00f6ytyv\u00e4t v\u00e4lilehdelt\u00e4 Harjoitukset. Uudet j\u00e4senet [&hellip;]","og_url":"https:\/\/www.akilles.fi\/friidrott\/","og_site_name":"Friidrott - Yleisurheilu","article_modified_time":"2026-04-17T15:06:04+00:00","og_image":[{"url":"http:\/\/www.akilles.fi\/friidrott\/wp-content\/uploads\/sites\/20\/2026\/03\/summercampsvefin2026banner-300x157.jpg","type":"","width":"","height":""}],"twitter_card":"summary_large_image","twitter_misc":{"Ber\u00e4knad l\u00e4stid":"7 minuter"},"schema":{"@context":"https:\/\/schema.org","@graph":[{"@type":"WebPage","@id":"https:\/\/www.akilles.fi\/friidrott\/","url":"https:\/\/www.akilles.fi\/friidrott\/","name":"Aktuellt - Ajankohtaista - Friidrott - Yleisurheilu","isPartOf":{"@id":"https:\/\/www.akilles.fi\/friidrott\/#website"},"primaryImageOfPage":{"@id":"https:\/\/www.akilles.fi\/friidrott\/#primaryimage"},"image":{"@id":"https:\/\/www.akilles.fi\/friidrott\/#primaryimage"},"thumbnailUrl":"http:\/\/www.akilles.fi\/friidrott\/wp-content\/uploads\/sites\/20\/2026\/03\/summercampsvefin2026banner-300x157.jpg","datePublished":"2019-01-07T15:30:15+00:00","dateModified":"2026-04-17T15:06:04+00:00","breadcrumb":{"@id":"https:\/\/www.akilles.fi\/friidrott\/#breadcrumb"},"inLanguage":"sv-SE","potentialAction":[{"@type":"ReadAction","target":["https:\/\/www.akilles.fi\/friidrott\/"]}]},{"@type":"ImageObject","inLanguage":"sv-SE","@id":"https:\/\/www.akilles.fi\/friidrott\/#primaryimage","url":"https:\/\/www.akilles.fi\/friidrott\/wp-content\/uploads\/sites\/20\/2026\/03\/summercampsvefin2026banner.jpg","contentUrl":"https:\/\/www.akilles.fi\/friidrott\/wp-content\/uploads\/sites\/20\/2026\/03\/summercampsvefin2026banner.jpg","width":383,"height":200},{"@type":"BreadcrumbList","@id":"https:\/\/www.akilles.fi\/friidrott\/#breadcrumb","itemListElement":[{"@type":"ListItem","position":1,"name":"Home","item":"https:\/\/www.akilles.fi\/friidrott\/"},{"@type":"ListItem","position":2,"name":"Aktuellt &#8211; Ajankohtaista"}]},{"@type":"WebSite","@id":"https:\/\/www.akilles.fi\/friidrott\/#website","url":"https:\/\/www.akilles.fi\/friidrott\/","name":"Friidrott - Yleisurheilu","description":"Borg\u00e5 Akilles Friidrott- Porvoon Akilles Yleisurheilu","potentialAction":[{"@type":"SearchAction","target":{"@type":"EntryPoint","urlTemplate":"https:\/\/www.akilles.fi\/friidrott\/?s={search_term_string}"},"query-input":{"@type":"PropertyValueSpecification","valueRequired":true,"valueName":"search_term_string"}}],"inLanguage":"sv-SE"}]}},"_links":{"self":[{"href":"https:\/\/www.akilles.fi\/friidrott\/wp-json\/wp\/v2\/pages\/80","targetHints":{"allow":["GET"]}}],"collection":[{"href":"https:\/\/www.akilles.fi\/friidrott\/wp-json\/wp\/v2\/pages"}],"about":[{"href":"https:\/\/www.akilles.fi\/friidrott\/wp-json\/wp\/v2\/types\/page"}],"author":[{"embeddable":true,"href":"https:\/\/www.akilles.fi\/friidrott\/wp-json\/wp\/v2\/users\/4"}],"replies":[{"embeddable":true,"href":"https:\/\/www.akilles.fi\/friidrott\/wp-json\/wp\/v2\/comments?post=80"}],"version-history":[{"count":2980,"href":"https:\/\/www.akilles.fi\/friidrott\/wp-json\/wp\/v2\/pages\/80\/revisions"}],"predecessor-version":[{"id":29823,"href":"https:\/\/www.akilles.fi\/friidrott\/wp-json\/wp\/v2\/pages\/80\/revisions\/29823"}],"wp:attachment":[{"href":"https:\/\/www.akilles.fi\/friidrott\/wp-json\/wp\/v2\/media?parent=80"}],"curies":[{"name":"wp","href":"https:\/\/api.w.org\/{rel}","templated":true}]}}