{"id":519,"date":"2019-02-10T13:36:15","date_gmt":"2019-02-10T13:36:15","guid":{"rendered":"http:\/\/94.237.33.215\/~akilles\/nyasida\/handboll\/?page_id=519"},"modified":"2026-03-29T15:42:39","modified_gmt":"2026-03-29T15:42:39","slug":"ahs","status":"publish","type":"page","link":"https:\/\/www.akilles.fi\/handboll\/ahs\/","title":{"rendered":"L\u00e4ger &#8211; Leirit"},"content":{"rendered":"\t\t<div data-elementor-type=\"wp-post\" data-elementor-id=\"519\" class=\"elementor elementor-519\" data-elementor-post-type=\"page\">\n\t\t\t\t\t\t<section class=\"elementor-section elementor-top-section elementor-element elementor-element-5004dfc elementor-section-boxed elementor-section-height-default elementor-section-height-default\" data-id=\"5004dfc\" data-element_type=\"section\">\n\t\t\t\t\t\t<div class=\"elementor-container elementor-column-gap-default\">\n\t\t\t\t\t<div class=\"elementor-column elementor-col-100 elementor-top-column elementor-element elementor-element-9390dd5\" data-id=\"9390dd5\" data-element_type=\"column\">\n\t\t\t<div class=\"elementor-widget-wrap elementor-element-populated\">\n\t\t\t\t\t\t<div class=\"elementor-element elementor-element-8bf533c elementor-widget elementor-widget-image\" data-id=\"8bf533c\" data-element_type=\"widget\" data-widget_type=\"image.default\">\n\t\t\t\t<div class=\"elementor-widget-container\">\n\t\t\t\t\t\t\t\t\t\t\t\t\t\t\t<img fetchpriority=\"high\" decoding=\"async\" width=\"768\" height=\"1086\" src=\"https:\/\/www.akilles.fi\/handboll\/wp-content\/uploads\/sites\/18\/2026\/03\/AHS-2026-reklam-768x1086.png\" class=\"attachment-medium_large size-medium_large wp-image-13087\" alt=\"\" srcset=\"https:\/\/www.akilles.fi\/handboll\/wp-content\/uploads\/sites\/18\/2026\/03\/AHS-2026-reklam-768x1086.png 768w, https:\/\/www.akilles.fi\/handboll\/wp-content\/uploads\/sites\/18\/2026\/03\/AHS-2026-reklam-212x300.png 212w, https:\/\/www.akilles.fi\/handboll\/wp-content\/uploads\/sites\/18\/2026\/03\/AHS-2026-reklam-724x1024.png 724w, https:\/\/www.akilles.fi\/handboll\/wp-content\/uploads\/sites\/18\/2026\/03\/AHS-2026-reklam-1086x1536.png 1086w, https:\/\/www.akilles.fi\/handboll\/wp-content\/uploads\/sites\/18\/2026\/03\/AHS-2026-reklam.png 1414w\" sizes=\"(max-width: 768px) 100vw, 768px\" \/>\t\t\t\t\t\t\t\t\t\t\t\t\t\t\t<\/div>\n\t\t\t\t<\/div>\n\t\t\t\t\t<\/div>\n\t\t<\/div>\n\t\t\t\t\t<\/div>\n\t\t<\/section>\n\t\t\t\t<section class=\"elementor-section elementor-top-section elementor-element elementor-element-83e510a elementor-section-boxed elementor-section-height-default elementor-section-height-default\" data-id=\"83e510a\" data-element_type=\"section\">\n\t\t\t\t\t\t<div class=\"elementor-container elementor-column-gap-default\">\n\t\t\t\t\t<div class=\"elementor-column elementor-col-33 elementor-top-column elementor-element elementor-element-47cf97a\" data-id=\"47cf97a\" data-element_type=\"column\">\n\t\t\t<div class=\"elementor-widget-wrap elementor-element-populated\">\n\t\t\t\t\t\t<div class=\"elementor-element elementor-element-2d72e94 elementor-widget elementor-widget-html\" data-id=\"2d72e94\" data-element_type=\"widget\" data-widget_type=\"html.default\">\n\t\t\t\t<div class=\"elementor-widget-container\">\n\t\t\t\t\t<!-- myClub embed JS - start -->\n<div class=\"myclub-embed\" data-url=\"https:\/\/akilles.myclub.fi\/groups\/11980\/event_embeds\/4805?token=853ee906ad17d86be3f4a5c9539eb1a74650d81a\"><\/div>\n<script>(function(d, s, id) { var js, mjs = d.getElementsByTagName(s)[0]; if (d.getElementById(id)) return; js = d.createElement(s); js.id = id; js.async = true; js.src = \"https:\/\/d1kgctjlkvcjq1.cloudfront.net\/assets\/myclub-embed.js\"; mjs.parentNode.insertBefore(js, mjs); }(document, 'script', 'myclub-embed-js'));<\/script>\n<!-- myClub embed JS - end -->\n\t\t\t\t<\/div>\n\t\t\t\t<\/div>\n\t\t\t\t<div class=\"elementor-element elementor-element-d7d31db elementor-widget elementor-widget-video\" data-id=\"d7d31db\" data-element_type=\"widget\" data-settings=\"{&quot;youtube_url&quot;:&quot;https:\\\/\\\/youtu.be\\\/O6ZqwjoKSTk&quot;,&quot;video_type&quot;:&quot;youtube&quot;,&quot;controls&quot;:&quot;yes&quot;}\" data-widget_type=\"video.default\">\n\t\t\t\t<div class=\"elementor-widget-container\">\n\t\t\t\t\t\t\t<div class=\"elementor-wrapper elementor-open-inline\">\n\t\t\t<div class=\"elementor-video\"><\/div>\t\t<\/div>\n\t\t\t\t\t\t<\/div>\n\t\t\t\t<\/div>\n\t\t\t\t<div class=\"elementor-element elementor-element-4d6b923 elementor-widget elementor-widget-image\" data-id=\"4d6b923\" data-element_type=\"widget\" data-widget_type=\"image.default\">\n\t\t\t\t<div class=\"elementor-widget-container\">\n\t\t\t\t\t\t\t\t\t\t\t\t\t\t\t\t<a href=\"https:\/\/bmr.fi\/\">\n\t\t\t\t\t\t\t<img decoding=\"async\" width=\"444\" height=\"443\" src=\"https:\/\/www.akilles.fi\/handboll\/wp-content\/uploads\/sites\/18\/2023\/05\/bmr-logo-gron.png\" class=\"attachment-large size-large wp-image-9875\" alt=\"\" srcset=\"https:\/\/www.akilles.fi\/handboll\/wp-content\/uploads\/sites\/18\/2023\/05\/bmr-logo-gron.png 444w, https:\/\/www.akilles.fi\/handboll\/wp-content\/uploads\/sites\/18\/2023\/05\/bmr-logo-gron-300x300.png 300w, https:\/\/www.akilles.fi\/handboll\/wp-content\/uploads\/sites\/18\/2023\/05\/bmr-logo-gron-150x150.png 150w\" sizes=\"(max-width: 444px) 100vw, 444px\" \/>\t\t\t\t\t\t\t\t<\/a>\n\t\t\t\t\t\t\t\t\t\t\t\t\t\t\t<\/div>\n\t\t\t\t<\/div>\n\t\t\t\t\t<\/div>\n\t\t<\/div>\n\t\t\t\t<div class=\"elementor-column elementor-col-66 elementor-top-column elementor-element elementor-element-e0ef2fe\" data-id=\"e0ef2fe\" data-element_type=\"column\">\n\t\t\t<div class=\"elementor-widget-wrap elementor-element-populated\">\n\t\t\t\t\t\t<section class=\"elementor-section elementor-inner-section elementor-element elementor-element-a94333c elementor-section-boxed elementor-section-height-default elementor-section-height-default\" data-id=\"a94333c\" data-element_type=\"section\">\n\t\t\t\t\t\t<div class=\"elementor-container elementor-column-gap-default\">\n\t\t\t\t\t<div class=\"elementor-column elementor-col-50 elementor-inner-column elementor-element elementor-element-48f2321\" data-id=\"48f2321\" data-element_type=\"column\">\n\t\t\t<div class=\"elementor-widget-wrap elementor-element-populated\">\n\t\t\t\t\t\t<div class=\"elementor-element elementor-element-c6592cc elementor-widget elementor-widget-text-editor\" data-id=\"c6592cc\" data-element_type=\"widget\" data-widget_type=\"text-editor.default\">\n\t\t\t\t<div class=\"elementor-widget-container\">\n\t\t\t\t\t\t\t\t\t<h3>Anm\u00e4lan till sommarl\u00e4gret \u00e4r \u00f6ppen!<\/h3><div><p><b><img decoding=\"async\" class=\"CToWUd\" src=\"https:\/\/ci3.googleusercontent.com\/meips\/ADKq_NZUVxM-Rs_MZ39UseJADTiVf-rTqZlkLZdPnGVPKJLnAEKFpm2L2Sh5cOQqOp83H0eybEU-3ZcW1ORg3IUC-52WJN005ZN-PJ1wJzjT7psiwyaSBM49aNs=s0-d-e1-ft#https:\/\/static.xx.fbcdn.net\/images\/emoji.php\/v9\/t94\/1\/16\/1f49a.png\" alt=\"\ud83d\udc9a\" width=\"16\" height=\"16\" data-bit=\"iit\" \/> V\u00c4LKOMMEN MED TILL SOMMARENS H\u00d6JDPUNKT<img loading=\"lazy\" decoding=\"async\" class=\"CToWUd\" src=\"https:\/\/ci3.googleusercontent.com\/meips\/ADKq_NYcDdVMWWka3EyPFsvp2rYJgG09Wpw2S8os5ALj-m1BkeFQEllolrdVfboVyapp962lJu15VCo4aWZEH9VUdRyrI97bP55ukuy5WcrM_WACar8ufNFIt2c=s0-d-e1-ft#https:\/\/static.xx.fbcdn.net\/images\/emoji.php\/v9\/tc5\/1\/16\/1f90d.png\" alt=\"\ud83e\udd0d\" width=\"16\" height=\"16\" data-bit=\"iit\" \/><\/b><\/p><p>\u00a0<\/p><\/div><div>Anm\u00e4lningen till sommarens AHS l\u00e4ger har \u00f6ppnats!\u00a0<img loading=\"lazy\" decoding=\"async\" class=\"CToWUd\" src=\"https:\/\/ci3.googleusercontent.com\/meips\/ADKq_NayKZxab-SEU8jbpPXa3qHPUDEW63svE_S2Xh_4XjyGmzVw5xX8_4BKJMSnOSUfHIHTfrKiByYaM-RRKnLuryJk_W6ZsovQe_BO3jZ-1ySeb010LuN65E4=s0-d-e1-ft#https:\/\/static.xx.fbcdn.net\/images\/emoji.php\/v9\/t58\/1\/16\/1f929.png\" alt=\"\ud83e\udd29\" width=\"16\" height=\"16\" data-bit=\"iit\" \/>\u00a0<\/div><div><strong>Var?<\/strong> Kokonhallen<\/div><div><strong>Vem?<\/strong> 2013-2018 f\u00f6dda<\/div><div><strong>N\u00e4r?<\/strong> 1-5.6.2026 kl. 10-16\u00a0<\/div><div><strong>Kostnad?<\/strong> 100 \u20ac\u00a0<br \/>Ans\u00f6k om friplats eller ner satt l\u00e4gret avgift:<br \/>ron.liljendal@akilles.fi<\/div><div>I priset ing\u00e5r lunch och mellanm\u00e5l varje dag och en rolig handbollsupplevelse!\u00a0<img loading=\"lazy\" decoding=\"async\" class=\"CToWUd\" src=\"https:\/\/ci3.googleusercontent.com\/meips\/ADKq_NZVZcAmEWzus1Gl4gJxOQ3mIsTKN8nmRtjVP3avmRP68vKj2-ecorT4AwTlgXRSG5_8oo1TLBrj3ZGkGSMLSpv5F-WN8lSLn1bvNb3sj0CkBcT2aVn1PvU=s0-d-e1-ft#https:\/\/static.xx.fbcdn.net\/images\/emoji.php\/v9\/t23\/1\/16\/1f93e.png\" alt=\"\ud83e\udd3e\" width=\"16\" height=\"16\" data-bit=\"iit\" \/><\/div>\t\t\t\t\t\t\t\t<\/div>\n\t\t\t\t<\/div>\n\t\t\t\t\t<\/div>\n\t\t<\/div>\n\t\t\t\t<div class=\"elementor-column elementor-col-50 elementor-inner-column elementor-element elementor-element-cccea09\" data-id=\"cccea09\" data-element_type=\"column\">\n\t\t\t<div class=\"elementor-widget-wrap elementor-element-populated\">\n\t\t\t\t\t\t<div class=\"elementor-element elementor-element-cc76b7f elementor-widget elementor-widget-text-editor\" data-id=\"cc76b7f\" data-element_type=\"widget\" data-widget_type=\"text-editor.default\">\n\t\t\t\t<div class=\"elementor-widget-container\">\n\t\t\t\t\t\t\t\t\t<h3>Ilmoittautuminen on auki kes\u00e4leirille!<\/h3><div><p><b><img loading=\"lazy\" decoding=\"async\" src=\"https:\/\/ci3.googleusercontent.com\/meips\/ADKq_NZUVxM-Rs_MZ39UseJADTiVf-rTqZlkLZdPnGVPKJLnAEKFpm2L2Sh5cOQqOp83H0eybEU-3ZcW1ORg3IUC-52WJN005ZN-PJ1wJzjT7psiwyaSBM49aNs=s0-d-e1-ft#https:\/\/static.xx.fbcdn.net\/images\/emoji.php\/v9\/t94\/1\/16\/1f49a.png\" alt=\"\ud83d\udc9a\" width=\"16\" height=\"16\" data-bit=\"iit\" \/> TERVETULOA MUKAAN KES\u00c4N KOHOKOHTAAN\u00a0<\/b><\/p><b> <\/b><p>\u00a0<\/p><\/div><div>Ilmoittautuminen kes\u00e4n AHS leirille on avattu!\u00a0<img loading=\"lazy\" decoding=\"async\" src=\"https:\/\/ci3.googleusercontent.com\/meips\/ADKq_NayKZxab-SEU8jbpPXa3qHPUDEW63svE_S2Xh_4XjyGmzVw5xX8_4BKJMSnOSUfHIHTfrKiByYaM-RRKnLuryJk_W6ZsovQe_BO3jZ-1ySeb010LuN65E4=s0-d-e1-ft#https:\/\/static.xx.fbcdn.net\/images\/emoji.php\/v9\/t58\/1\/16\/1f929.png\" alt=\"\ud83e\udd29\" width=\"16\" height=\"16\" data-bit=\"iit\" \/><\/div><div><strong>Miss\u00e4?<\/strong> Kokonhalli<\/div><div><strong>Kenelle?<\/strong> 2013\u20132018 syntyneille<\/div><div><strong>Milloin?<\/strong> 1.\u20135.6.2026 klo 10\u201316<\/div><div><strong>Hinta?<\/strong> 100 \u20ac<br \/>Hakemus leirimaksun alentamiseksi \/ vapaapaikasta<br \/>ron.liljendal@akilles.fi<\/div><div>Hintaan sis\u00e4ltyy lounas ja v\u00e4lipala joka p\u00e4iv\u00e4 sek\u00e4 hauska k\u00e4sipallokokemus!\u00a0<img loading=\"lazy\" decoding=\"async\" src=\"https:\/\/ci3.googleusercontent.com\/meips\/ADKq_NZVZcAmEWzus1Gl4gJxOQ3mIsTKN8nmRtjVP3avmRP68vKj2-ecorT4AwTlgXRSG5_8oo1TLBrj3ZGkGSMLSpv5F-WN8lSLn1bvNb3sj0CkBcT2aVn1PvU=s0-d-e1-ft#https:\/\/static.xx.fbcdn.net\/images\/emoji.php\/v9\/t23\/1\/16\/1f93e.png\" alt=\"\ud83e\udd3e\" width=\"16\" height=\"16\" data-bit=\"iit\" \/><\/div>\t\t\t\t\t\t\t\t<\/div>\n\t\t\t\t<\/div>\n\t\t\t\t\t<\/div>\n\t\t<\/div>\n\t\t\t\t\t<\/div>\n\t\t<\/section>\n\t\t\t\t<section class=\"elementor-section elementor-inner-section elementor-element elementor-element-8d31294 elementor-section-boxed elementor-section-height-default elementor-section-height-default\" data-id=\"8d31294\" data-element_type=\"section\">\n\t\t\t\t\t\t<div class=\"elementor-container elementor-column-gap-default\">\n\t\t\t\t\t<div class=\"elementor-column elementor-col-100 elementor-inner-column elementor-element elementor-element-928bb60\" data-id=\"928bb60\" data-element_type=\"column\">\n\t\t\t<div class=\"elementor-widget-wrap elementor-element-populated\">\n\t\t\t\t\t\t<div class=\"elementor-element elementor-element-18fd202e elementor-widget elementor-widget-image\" data-id=\"18fd202e\" data-element_type=\"widget\" data-widget_type=\"image.default\">\n\t\t\t\t<div class=\"elementor-widget-container\">\n\t\t\t\t\t\t\t\t\t\t\t\t\t\t\t\t<a href=\"https:\/\/feriekolonin.fi\/\">\n\t\t\t\t\t\t\t<img loading=\"lazy\" decoding=\"async\" width=\"288\" height=\"80\" src=\"https:\/\/www.akilles.fi\/handboll\/wp-content\/uploads\/sites\/18\/2024\/05\/feriekolonihemmet-i-Borga-logo-2f.png\" class=\"attachment-medium_large size-medium_large wp-image-11087\" alt=\"\" \/>\t\t\t\t\t\t\t\t<\/a>\n\t\t\t\t\t\t\t\t\t\t\t\t\t\t\t<\/div>\n\t\t\t\t<\/div>\n\t\t\t\t\t<\/div>\n\t\t<\/div>\n\t\t\t\t\t<\/div>\n\t\t<\/section>\n\t\t\t\t\t<\/div>\n\t\t<\/div>\n\t\t\t\t\t<\/div>\n\t\t<\/section>\n\t\t\t\t<\/div>\n\t\t","protected":false},"excerpt":{"rendered":"<p>Anm\u00e4lan till sommarl\u00e4gret \u00e4r \u00f6ppen! V\u00c4LKOMMEN MED TILL SOMMARENS H\u00d6JDPUNKT \u00a0 Anm\u00e4lningen till sommarens AHS l\u00e4ger har \u00f6ppnats!\u00a0\u00a0Var? KokonhallenVem? 2013-2018 f\u00f6ddaN\u00e4r? 1-5.6.2026 kl. 10-16\u00a0Kostnad? 100 \u20ac\u00a0Ans\u00f6k om friplats eller ner satt l\u00e4gret avgift:ron.liljendal@akilles.fiI priset ing\u00e5r lunch och mellanm\u00e5l varje dag och en rolig handbollsupplevelse!\u00a0 Ilmoittautuminen on auki kes\u00e4leirille! TERVETULOA MUKAAN KES\u00c4N KOHOKOHTAAN\u00a0 \u00a0 Ilmoittautuminen kes\u00e4n [&hellip;]<\/p>\n","protected":false},"author":4,"featured_media":0,"parent":0,"menu_order":0,"comment_status":"closed","ping_status":"closed","template":"","meta":{"_crdt_document":"","footnotes":""},"class_list":["post-519","page","type-page","status-publish","hentry"],"yoast_head":"<!-- This site is optimized with the Yoast SEO plugin v27.4 - https:\/\/yoast.com\/product\/yoast-seo-wordpress\/ -->\n<title>L\u00e4ger - Leirit - Handboll - K\u00e4sipallo<\/title>\n<meta name=\"robots\" content=\"index, follow, max-snippet:-1, max-image-preview:large, max-video-preview:-1\" \/>\n<link rel=\"canonical\" href=\"https:\/\/www.akilles.fi\/handboll\/ahs\/\" \/>\n<meta property=\"og:locale\" content=\"sv_SE\" \/>\n<meta property=\"og:type\" content=\"article\" \/>\n<meta property=\"og:title\" content=\"L\u00e4ger - Leirit - Handboll - K\u00e4sipallo\" \/>\n<meta property=\"og:description\" content=\"Anm\u00e4lan till sommarl\u00e4gret \u00e4r \u00f6ppen! V\u00c4LKOMMEN MED TILL SOMMARENS H\u00d6JDPUNKT \u00a0 Anm\u00e4lningen till sommarens AHS l\u00e4ger har \u00f6ppnats!\u00a0\u00a0Var? KokonhallenVem? 2013-2018 f\u00f6ddaN\u00e4r? 1-5.6.2026 kl. 10-16\u00a0Kostnad? 100 \u20ac\u00a0Ans\u00f6k om friplats eller ner satt l\u00e4gret avgift:ron.liljendal@akilles.fiI priset ing\u00e5r lunch och mellanm\u00e5l varje dag och en rolig handbollsupplevelse!\u00a0 Ilmoittautuminen on auki kes\u00e4leirille! TERVETULOA MUKAAN KES\u00c4N KOHOKOHTAAN\u00a0 \u00a0 Ilmoittautuminen kes\u00e4n [&hellip;]\" \/>\n<meta property=\"og:url\" content=\"https:\/\/www.akilles.fi\/handboll\/ahs\/\" \/>\n<meta property=\"og:site_name\" content=\"Handboll - K\u00e4sipallo\" \/>\n<meta property=\"article:modified_time\" content=\"2026-03-29T15:42:39+00:00\" \/>\n<meta property=\"og:image\" content=\"http:\/\/www.akilles.fi\/handboll\/wp-content\/uploads\/sites\/18\/2026\/03\/AHS-2026-reklam-768x1086.png\" \/>\n<meta name=\"twitter:card\" content=\"summary_large_image\" \/>\n<meta name=\"twitter:label1\" content=\"Ber\u00e4knad l\u00e4stid\" \/>\n\t<meta name=\"twitter:data1\" content=\"3 minuter\" \/>\n<script type=\"application\/ld+json\" class=\"yoast-schema-graph\">{\"@context\":\"https:\\\/\\\/schema.org\",\"@graph\":[{\"@type\":\"WebPage\",\"@id\":\"https:\\\/\\\/www.akilles.fi\\\/handboll\\\/ahs\\\/\",\"url\":\"https:\\\/\\\/www.akilles.fi\\\/handboll\\\/ahs\\\/\",\"name\":\"L\u00e4ger - Leirit - Handboll - K\u00e4sipallo\",\"isPartOf\":{\"@id\":\"https:\\\/\\\/www.akilles.fi\\\/handboll\\\/#website\"},\"primaryImageOfPage\":{\"@id\":\"https:\\\/\\\/www.akilles.fi\\\/handboll\\\/ahs\\\/#primaryimage\"},\"image\":{\"@id\":\"https:\\\/\\\/www.akilles.fi\\\/handboll\\\/ahs\\\/#primaryimage\"},\"thumbnailUrl\":\"http:\\\/\\\/www.akilles.fi\\\/handboll\\\/wp-content\\\/uploads\\\/sites\\\/18\\\/2026\\\/03\\\/AHS-2026-reklam-768x1086.png\",\"datePublished\":\"2019-02-10T13:36:15+00:00\",\"dateModified\":\"2026-03-29T15:42:39+00:00\",\"breadcrumb\":{\"@id\":\"https:\\\/\\\/www.akilles.fi\\\/handboll\\\/ahs\\\/#breadcrumb\"},\"inLanguage\":\"sv-SE\",\"potentialAction\":[{\"@type\":\"ReadAction\",\"target\":[\"https:\\\/\\\/www.akilles.fi\\\/handboll\\\/ahs\\\/\"]}]},{\"@type\":\"ImageObject\",\"inLanguage\":\"sv-SE\",\"@id\":\"https:\\\/\\\/www.akilles.fi\\\/handboll\\\/ahs\\\/#primaryimage\",\"url\":\"https:\\\/\\\/www.akilles.fi\\\/handboll\\\/wp-content\\\/uploads\\\/sites\\\/18\\\/2026\\\/03\\\/AHS-2026-reklam.png\",\"contentUrl\":\"https:\\\/\\\/www.akilles.fi\\\/handboll\\\/wp-content\\\/uploads\\\/sites\\\/18\\\/2026\\\/03\\\/AHS-2026-reklam.png\",\"width\":1414,\"height\":2000},{\"@type\":\"BreadcrumbList\",\"@id\":\"https:\\\/\\\/www.akilles.fi\\\/handboll\\\/ahs\\\/#breadcrumb\",\"itemListElement\":[{\"@type\":\"ListItem\",\"position\":1,\"name\":\"Home\",\"item\":\"https:\\\/\\\/www.akilles.fi\\\/handboll\\\/\"},{\"@type\":\"ListItem\",\"position\":2,\"name\":\"L\u00e4ger &#8211; Leirit\"}]},{\"@type\":\"WebSite\",\"@id\":\"https:\\\/\\\/www.akilles.fi\\\/handboll\\\/#website\",\"url\":\"https:\\\/\\\/www.akilles.fi\\\/handboll\\\/\",\"name\":\"Handboll - K\u00e4sipallo\",\"description\":\"Borg\u00e5 Akilles Handboll - Porvoon Akilles K\u00e4sipallo\",\"potentialAction\":[{\"@type\":\"SearchAction\",\"target\":{\"@type\":\"EntryPoint\",\"urlTemplate\":\"https:\\\/\\\/www.akilles.fi\\\/handboll\\\/?s={search_term_string}\"},\"query-input\":{\"@type\":\"PropertyValueSpecification\",\"valueRequired\":true,\"valueName\":\"search_term_string\"}}],\"inLanguage\":\"sv-SE\"}]}<\/script>\n<!-- \/ Yoast SEO plugin. -->","yoast_head_json":{"title":"L\u00e4ger - Leirit - Handboll - K\u00e4sipallo","robots":{"index":"index","follow":"follow","max-snippet":"max-snippet:-1","max-image-preview":"max-image-preview:large","max-video-preview":"max-video-preview:-1"},"canonical":"https:\/\/www.akilles.fi\/handboll\/ahs\/","og_locale":"sv_SE","og_type":"article","og_title":"L\u00e4ger - Leirit - Handboll - K\u00e4sipallo","og_description":"Anm\u00e4lan till sommarl\u00e4gret \u00e4r \u00f6ppen! V\u00c4LKOMMEN MED TILL SOMMARENS H\u00d6JDPUNKT \u00a0 Anm\u00e4lningen till sommarens AHS l\u00e4ger har \u00f6ppnats!\u00a0\u00a0Var? KokonhallenVem? 2013-2018 f\u00f6ddaN\u00e4r? 1-5.6.2026 kl. 10-16\u00a0Kostnad? 100 \u20ac\u00a0Ans\u00f6k om friplats eller ner satt l\u00e4gret avgift:ron.liljendal@akilles.fiI priset ing\u00e5r lunch och mellanm\u00e5l varje dag och en rolig handbollsupplevelse!\u00a0 Ilmoittautuminen on auki kes\u00e4leirille! TERVETULOA MUKAAN KES\u00c4N KOHOKOHTAAN\u00a0 \u00a0 Ilmoittautuminen kes\u00e4n [&hellip;]","og_url":"https:\/\/www.akilles.fi\/handboll\/ahs\/","og_site_name":"Handboll - K\u00e4sipallo","article_modified_time":"2026-03-29T15:42:39+00:00","og_image":[{"url":"http:\/\/www.akilles.fi\/handboll\/wp-content\/uploads\/sites\/18\/2026\/03\/AHS-2026-reklam-768x1086.png","type":"","width":"","height":""}],"twitter_card":"summary_large_image","twitter_misc":{"Ber\u00e4knad l\u00e4stid":"3 minuter"},"schema":{"@context":"https:\/\/schema.org","@graph":[{"@type":"WebPage","@id":"https:\/\/www.akilles.fi\/handboll\/ahs\/","url":"https:\/\/www.akilles.fi\/handboll\/ahs\/","name":"L\u00e4ger - Leirit - Handboll - K\u00e4sipallo","isPartOf":{"@id":"https:\/\/www.akilles.fi\/handboll\/#website"},"primaryImageOfPage":{"@id":"https:\/\/www.akilles.fi\/handboll\/ahs\/#primaryimage"},"image":{"@id":"https:\/\/www.akilles.fi\/handboll\/ahs\/#primaryimage"},"thumbnailUrl":"http:\/\/www.akilles.fi\/handboll\/wp-content\/uploads\/sites\/18\/2026\/03\/AHS-2026-reklam-768x1086.png","datePublished":"2019-02-10T13:36:15+00:00","dateModified":"2026-03-29T15:42:39+00:00","breadcrumb":{"@id":"https:\/\/www.akilles.fi\/handboll\/ahs\/#breadcrumb"},"inLanguage":"sv-SE","potentialAction":[{"@type":"ReadAction","target":["https:\/\/www.akilles.fi\/handboll\/ahs\/"]}]},{"@type":"ImageObject","inLanguage":"sv-SE","@id":"https:\/\/www.akilles.fi\/handboll\/ahs\/#primaryimage","url":"https:\/\/www.akilles.fi\/handboll\/wp-content\/uploads\/sites\/18\/2026\/03\/AHS-2026-reklam.png","contentUrl":"https:\/\/www.akilles.fi\/handboll\/wp-content\/uploads\/sites\/18\/2026\/03\/AHS-2026-reklam.png","width":1414,"height":2000},{"@type":"BreadcrumbList","@id":"https:\/\/www.akilles.fi\/handboll\/ahs\/#breadcrumb","itemListElement":[{"@type":"ListItem","position":1,"name":"Home","item":"https:\/\/www.akilles.fi\/handboll\/"},{"@type":"ListItem","position":2,"name":"L\u00e4ger &#8211; Leirit"}]},{"@type":"WebSite","@id":"https:\/\/www.akilles.fi\/handboll\/#website","url":"https:\/\/www.akilles.fi\/handboll\/","name":"Handboll - K\u00e4sipallo","description":"Borg\u00e5 Akilles Handboll - Porvoon Akilles K\u00e4sipallo","potentialAction":[{"@type":"SearchAction","target":{"@type":"EntryPoint","urlTemplate":"https:\/\/www.akilles.fi\/handboll\/?s={search_term_string}"},"query-input":{"@type":"PropertyValueSpecification","valueRequired":true,"valueName":"search_term_string"}}],"inLanguage":"sv-SE"}]}},"_links":{"self":[{"href":"https:\/\/www.akilles.fi\/handboll\/wp-json\/wp\/v2\/pages\/519","targetHints":{"allow":["GET"]}}],"collection":[{"href":"https:\/\/www.akilles.fi\/handboll\/wp-json\/wp\/v2\/pages"}],"about":[{"href":"https:\/\/www.akilles.fi\/handboll\/wp-json\/wp\/v2\/types\/page"}],"author":[{"embeddable":true,"href":"https:\/\/www.akilles.fi\/handboll\/wp-json\/wp\/v2\/users\/4"}],"replies":[{"embeddable":true,"href":"https:\/\/www.akilles.fi\/handboll\/wp-json\/wp\/v2\/comments?post=519"}],"version-history":[{"count":152,"href":"https:\/\/www.akilles.fi\/handboll\/wp-json\/wp\/v2\/pages\/519\/revisions"}],"predecessor-version":[{"id":13117,"href":"https:\/\/www.akilles.fi\/handboll\/wp-json\/wp\/v2\/pages\/519\/revisions\/13117"}],"wp:attachment":[{"href":"https:\/\/www.akilles.fi\/handboll\/wp-json\/wp\/v2\/media?parent=519"}],"curies":[{"name":"wp","href":"https:\/\/api.w.org\/{rel}","templated":true}]}}